{"id":6004,"date":"2020-03-24T12:40:04","date_gmt":"2020-03-24T12:40:04","guid":{"rendered":"https:\/\/www.institutfrancais-lituanie.com\/?page_id=6004"},"modified":"2021-04-29T06:22:24","modified_gmt":"2021-04-29T06:22:24","slug":"cours-extensifs-de-francais-a-distance","status":"publish","type":"page","link":"https:\/\/www.institutfrancais-lituanie.com\/fr\/cours-francais\/cours-en-ligne\/cours-extensifs-de-francais-a-distance\/","title":{"rendered":"Cours extensifs de fran\u00e7ais \u00e0 distance"},"content":{"rendered":"<div class=\"wpb-content-wrapper\"><p>[vc_row][vc_column][vc_column_text]<\/p>\n<hr \/>\n<p><span style=\"color: #008ac9;\"><span style=\"font-size: 12pt;\"><span style=\"color: #008ac9; font-size: 12pt;\"><b>Cours <\/b><\/span><span style=\"color: #008ac9; font-size: 12pt;\"><b>extensifs de fran\u00e7ais \u00e0 distance en semaine<\/b><\/span><\/span><\/span><\/p>\n<hr \/>\n<p><strong>DATES: <\/strong>du 17 avril au 10 juillet<\/p>\n<p><strong>GROUPES :\u00a0<\/strong>8 \u00e0 12 personnes<br \/>\n<strong>VOLUME :\u00a0<\/strong>37,5 heures (50 heures acad\u00e9miques)<br \/>\n<strong>RYTHME :\u00a0<\/strong>2 s\u00e9ances de <strong>1h30<\/strong> par semaine + <strong>1 h<\/strong> hebdomadaire en auto-apprentissage sur plateforme<\/p>\n<p><strong>TARIF<\/strong> <b>: 220 EUR<\/b><\/p>\n<p><a href=\"http:\/\/inscrire.hanaf.net\/vilnius.php\"><strong>Emploi du temps\u00a0<\/strong><\/a>\u2013 Choisissez une cat\u00e9gorie de cours, un niveau et vous verrez l\u2019emploi du temps<\/p>\n<hr \/>\n<p>&nbsp;<\/p>\n<p><a href=\"http:\/\/inscrire.hanaf.net\/vilnius.php\" target=\"_blank\" rel=\"noopener noreferrer\"><strong><img loading=\"lazy\" decoding=\"async\" class=\"alignnone size-medium wp-image-4983\" src=\"https:\/\/www.institutfrancais-lituanie.com\/wp-content\/uploads\/2019\/08\/cours-hanaf-300x183.png\" alt=\"\" width=\"300\" height=\"183\" srcset=\"https:\/\/www.institutfrancais-lituanie.com\/wp-content\/uploads\/2019\/08\/cours-hanaf-300x183.png 300w, https:\/\/www.institutfrancais-lituanie.com\/wp-content\/uploads\/2019\/08\/cours-hanaf-585x357.png 585w, https:\/\/www.institutfrancais-lituanie.com\/wp-content\/uploads\/2019\/08\/cours-hanaf.png 666w\" sizes=\"(max-width: 300px) 100vw, 300px\" \/><\/strong><\/a>[\/vc_column_text][\/vc_column][\/vc_row][vc_row title=&#8221;Inscription&#8221; style=&#8221;modern&#8221; gradient_color_1=&#8221;turquoise&#8221; gradient_color_2=&#8221;blue&#8221; gradient_custom_color_1=&#8221;#dd3333&#8243; gradient_custom_color_2=&#8221;#eeee22&#8243; gradient_text_color=&#8221;#ffffff&#8221; custom_background=&#8221;#ededed&#8221; custom_text=&#8221;#666666&#8243; outline_custom_color=&#8221;#666666&#8243; outline_custom_hover_background=&#8221;#666666&#8243; outline_custom_hover_text=&#8221;#ffffff&#8221; shape=&#8221;square&#8221; color=&#8221;danger&#8221; size=&#8221;lg&#8221; align=&#8221;inline&#8221; button_block=&#8221;&#8221; add_icon=&#8221;&#8221; i_align=&#8221;left&#8221; i_type=&#8221;fontawesome&#8221; i_icon_fontawesome=&#8221;fa fa-adjust&#8221; i_icon_openiconic=&#8221;vc-oi vc-oi-dial&#8221; i_icon_typicons=&#8221;typcn typcn-adjust-brightness&#8221; i_icon_entypo=&#8221;entypo-icon entypo-icon-note&#8221; i_icon_linecons=&#8221;vc_li vc_li-heart&#8221; i_icon_monosocial=&#8221;vc-mono vc-mono-fivehundredpx&#8221; i_icon_material=&#8221;vc-material vc-material-cake&#8221; i_icon_pixelicons=&#8221;vc_pixel_icon vc_pixel_icon-alert&#8221; custom_onclick=&#8221;&#8221; link=&#8221;url:http%3A%2F%2Finscrire.hanaf.net%2Fvilnius.php||target:%20_blank|&#8221; custom_onclick_code=&#8221;&#8221;][vc_column][vc_btn title=&#8221;Inscription&#8221; shape=&#8221;square&#8221; color=&#8221;danger&#8221; size=&#8221;lg&#8221; link=&#8221;url:http%3A%2F%2Finscrire.hanaf.net%2Fvilnius.php||target:%20_blank|&#8221;][\/vc_column][\/vc_row][vc_row][vc_column][vc_message]<a href=\"https:\/\/www.institutfrancais-lituanie.com\/wp-content\/uploads\/2021\/04\/Reglement_cours_2021_FR.pdf\" target=\"_blank\" rel=\"noopener\">R\u00c8GLEMENT DES COURS<\/a>[\/vc_message][\/vc_column][\/vc_row][vc_row][vc_column][vc_message]<strong>REMARQUES<\/strong><\/p>\n<p>\u2013 Le manuel papier n\u2019est pas inclus dans le prix des cours. Vous pouvez acc\u00e9der en ligne \u00e0 votre manuel Eidto en allant sur le site : <a href=\"https:\/\/didier.landing-hachette.fr\/vosmanuelsfle\/\" target=\"_blank\" rel=\"noopener noreferrer\">https:\/\/didier.landing-hachette.fr<\/a><br \/>\n\u2013 Le test d\u2019orientation lors de l\u2019inscription aux cours est gratuit.<br \/>\n\u2013\u00a0L\u2019inscription annuelle \u00e0 la m\u00e9diath\u00e8que de l\u2019Institut fran\u00e7ais de Lituanie est gratuite pour les apprenants ainsi qu\u2019\u00e0 la biblioth\u00e8que num\u00e9rique <a href=\"https:\/\/www.institutfrancais-lituanie.com\/mediateka\/naujas-pasiulymas-prieiga-prie-culturetheque-visiems\/\">Cultureth\u00e8que<\/a>. La m\u00e9diath\u00e8que de l\u2019Institut fran\u00e7ais est ouverte, nous vous invitons \u00e0 faire la connaissance de son nouveau portail:\u00a0 <a href=\"https:\/\/prancuzuinstitutas-mediateka.lt\/\" target=\"_blank\" rel=\"noopener\"><u>https:\/\/prancuzuinstitutas-mediateka.lt\/<\/u><\/a>[\/vc_message][\/vc_column][\/vc_row][vc_row][vc_column][vc_message message_box_color=&#8221;alert-warning&#8221;]<strong>IMPORTANT<\/strong><\/p>\n<p>\u2013 Les cours en ligne se d\u00e9roulent avec le logiciel de visioconf\u00e9rence Zoom (<a href=\"https:\/\/zoom.us\/\" target=\"_blank\" rel=\"noopener noreferrer\">https:\/\/zoom.us\/<\/a>), un logiciel simple d\u2018utilisation et largement utilis\u00e9 actuellement dans le r\u00e9seau des Institut fran\u00e7ais et Alliances fran\u00e7aises \u00e0 travers le monde. Nous vous conseillons de privil\u00e9gier l\u2018utilisation d\u2018un ordinateur, portable ou stationnaire, plut\u00f4t qu\u2018un smartphone ou une tablette, et si possible d\u2018utiliser une connexion Internet par c\u00e2ble plut\u00f4t que wifi. Afin d\u2018\u00eatre certain que votre installation informatique fonctionne correctement, vous pouvez tester vos micro, webcam et son sur ce site : <a href=\"https:\/\/www.onlinemictest.com\/\" target=\"_blank\" rel=\"noopener noreferrer\">https:\/\/www.onlinemictest.com\/<\/a> en cliquant en haut \u00e0 gauche sur TOOLS &gt; Microphone Test, Webcam Test et Sound Test.<\/p>\n<p>\u2013 Pour vous pr\u00e9parer au mieux \u00e0 votre premier cours, prenez d\u2018ores et d\u00e9j\u00e0 connaissance de notre <a href=\"https:\/\/www.institutfrancais-lituanie.com\/fr\/cours-francais\/votre-cours-de-francais-continue-en-ligne\/\" target=\"_blank\" rel=\"noopener noreferrer\">fiche d\u2018utilisateur<\/a><\/p>\n<p>\u2013 Les cours en ligne ne sont pas simplement des cours en pr\u00e9sentiel \u00e0 distance : ils requi\u00e8rent une plus grande concentration, une plus grande attention et ne peuvent d\u00e9passer des s\u00e9quences d\u20181h30. C\u2018est pourquoi la dur\u00e9e du cours est r\u00e9duite de 25% par rapport au temps de cours en pr\u00e9sentiel. Cependant, les 30 min restantes sont utilis\u00e9es pour des exercices en auto-apprentissage disponibles sur plateforme, des exercices de production \u00e9crite et\/ou des exercices collaboratifs tutor\u00e9s en petits groupes.[\/vc_message][\/vc_column][\/vc_row][vc_row][vc_column][vc_separator][\/vc_column][\/vc_row][vc_row color=&#8221;&#8221; message_box_style=&#8221;standard&#8221; style=&#8221;rounded&#8221; message_box_color=&#8221;info&#8221; icon_type=&#8221;fontawesome&#8221; icon_fontawesome=&#8221;fa fa-envelope&#8221; icon_monosocial=&#8221;vc-mono vc-mono-fivehundredpx&#8221; icon_openiconic=&#8221;&#8221; icon_typicons=&#8221;&#8221; icon_entypo=&#8221;&#8221; icon_linecons=&#8221;&#8221; icon_pixelicons=&#8221;&#8221;][vc_column][vc_message icon_fontawesome=&#8221;fa fa-envelope&#8221;]<strong>Service des cours<\/strong><br \/>\nmokymai@prancuzuinstitutas.lt<br \/>\nt\u00e9l. +370 5 219 96 55[\/vc_message][\/vc_column][\/vc_row]<\/p>\n<\/div>","protected":false},"excerpt":{"rendered":"[vc_row][vc_column][vc_column_text] Cours extensifs de fran\u00e7ais \u00e0 distance en semaine DATES: du 17 avril au 10&hellip;","protected":false},"author":2,"featured_media":6005,"parent":5997,"menu_order":0,"comment_status":"closed","ping_status":"closed","template":"page-sidebar.php","meta":{"footnotes":""},"class_list":["post-6004","page","type-page","status-publish","has-post-thumbnail","hentry"],"yoast_head":"<!-- This site is optimized with the Yoast SEO plugin v23.2 - https:\/\/yoast.com\/wordpress\/plugins\/seo\/ -->\n<title>Cours extensifs de fran\u00e7ais \u00e0 distance - IF Lituanie<\/title>\n<meta name=\"robots\" content=\"index, follow, max-snippet:-1, max-image-preview:large, max-video-preview:-1\" \/>\n<link rel=\"canonical\" href=\"https:\/\/www.institutfrancais-lituanie.com\/fr\/cours-francais\/cours-en-ligne\/cours-extensifs-de-francais-a-distance\/\" \/>\n<meta property=\"og:locale\" content=\"fr_FR\" \/>\n<meta property=\"og:type\" content=\"article\" \/>\n<meta property=\"og:title\" content=\"Cours extensifs de fran\u00e7ais \u00e0 distance - IF Lituanie\" \/>\n<meta property=\"og:url\" content=\"https:\/\/www.institutfrancais-lituanie.com\/fr\/cours-francais\/cours-en-ligne\/cours-extensifs-de-francais-a-distance\/\" \/>\n<meta property=\"og:site_name\" content=\"IF Lituanie\" \/>\n<meta property=\"article:publisher\" content=\"https:\/\/www.facebook.com\/prancuzuinstitutas\/\" \/>\n<meta property=\"article:modified_time\" content=\"2021-04-29T06:22:24+00:00\" \/>\n<meta property=\"og:image\" content=\"https:\/\/www.institutfrancais-lituanie.com\/wp-content\/uploads\/2020\/03\/site-extensif2.png\" \/>\n\t<meta property=\"og:image:width\" content=\"1170\" \/>\n\t<meta property=\"og:image:height\" content=\"585\" \/>\n\t<meta property=\"og:image:type\" content=\"image\/png\" \/>\n<meta name=\"twitter:card\" content=\"summary_large_image\" \/>\n<meta name=\"twitter:label1\" content=\"Est. reading time\" \/>\n\t<meta name=\"twitter:data1\" content=\"2 minutes\" \/>\n<script type=\"application\/ld+json\" class=\"yoast-schema-graph\">{\"@context\":\"https:\/\/schema.org\",\"@graph\":[{\"@type\":\"WebPage\",\"@id\":\"https:\/\/www.institutfrancais-lituanie.com\/fr\/cours-francais\/cours-en-ligne\/cours-extensifs-de-francais-a-distance\/\",\"url\":\"https:\/\/www.institutfrancais-lituanie.com\/fr\/cours-francais\/cours-en-ligne\/cours-extensifs-de-francais-a-distance\/\",\"name\":\"Cours extensifs de fran\u00e7ais \u00e0 distance - IF Lituanie\",\"isPartOf\":{\"@id\":\"https:\/\/www.institutfrancais-lituanie.com\/fr\/#website\"},\"primaryImageOfPage\":{\"@id\":\"https:\/\/www.institutfrancais-lituanie.com\/fr\/cours-francais\/cours-en-ligne\/cours-extensifs-de-francais-a-distance\/#primaryimage\"},\"image\":{\"@id\":\"https:\/\/www.institutfrancais-lituanie.com\/fr\/cours-francais\/cours-en-ligne\/cours-extensifs-de-francais-a-distance\/#primaryimage\"},\"thumbnailUrl\":\"https:\/\/www.institutfrancais-lituanie.com\/wp-content\/uploads\/2020\/03\/site-extensif2.png\",\"datePublished\":\"2020-03-24T12:40:04+00:00\",\"dateModified\":\"2021-04-29T06:22:24+00:00\",\"breadcrumb\":{\"@id\":\"https:\/\/www.institutfrancais-lituanie.com\/fr\/cours-francais\/cours-en-ligne\/cours-extensifs-de-francais-a-distance\/#breadcrumb\"},\"inLanguage\":\"fr-FR\",\"potentialAction\":[{\"@type\":\"ReadAction\",\"target\":[\"https:\/\/www.institutfrancais-lituanie.com\/fr\/cours-francais\/cours-en-ligne\/cours-extensifs-de-francais-a-distance\/\"]}]},{\"@type\":\"ImageObject\",\"inLanguage\":\"fr-FR\",\"@id\":\"https:\/\/www.institutfrancais-lituanie.com\/fr\/cours-francais\/cours-en-ligne\/cours-extensifs-de-francais-a-distance\/#primaryimage\",\"url\":\"https:\/\/www.institutfrancais-lituanie.com\/wp-content\/uploads\/2020\/03\/site-extensif2.png\",\"contentUrl\":\"https:\/\/www.institutfrancais-lituanie.com\/wp-content\/uploads\/2020\/03\/site-extensif2.png\",\"width\":1170,\"height\":585},{\"@type\":\"BreadcrumbList\",\"@id\":\"https:\/\/www.institutfrancais-lituanie.com\/fr\/cours-francais\/cours-en-ligne\/cours-extensifs-de-francais-a-distance\/#breadcrumb\",\"itemListElement\":[{\"@type\":\"ListItem\",\"position\":1,\"name\":\"Home\",\"item\":\"https:\/\/www.institutfrancais-lituanie.com\/fr\/\"},{\"@type\":\"ListItem\",\"position\":2,\"name\":\"Cours et examens\",\"item\":\"https:\/\/www.institutfrancais-lituanie.com\/fr\/cours-francais\/\"},{\"@type\":\"ListItem\",\"position\":3,\"name\":\"Cours de fran\u00e7ais en ligne\",\"item\":\"https:\/\/www.institutfrancais-lituanie.com\/fr\/cours-francais\/cours-en-ligne\/\"},{\"@type\":\"ListItem\",\"position\":4,\"name\":\"Cours extensifs de fran\u00e7ais \u00e0 distance\"}]},{\"@type\":\"WebSite\",\"@id\":\"https:\/\/www.institutfrancais-lituanie.com\/fr\/#website\",\"url\":\"https:\/\/www.institutfrancais-lituanie.com\/fr\/\",\"name\":\"IF Lituanie\",\"description\":\"Pranc\u016bz\u0173 kalbos kursai, kult\u016bra, mediateka...\",\"publisher\":{\"@id\":\"https:\/\/www.institutfrancais-lituanie.com\/fr\/#organization\"},\"potentialAction\":[{\"@type\":\"SearchAction\",\"target\":{\"@type\":\"EntryPoint\",\"urlTemplate\":\"https:\/\/www.institutfrancais-lituanie.com\/fr\/?s={search_term_string}\"},\"query-input\":\"required name=search_term_string\"}],\"inLanguage\":\"fr-FR\"},{\"@type\":\"Organization\",\"@id\":\"https:\/\/www.institutfrancais-lituanie.com\/fr\/#organization\",\"name\":\"Pranc\u016bz\u0173 institutas\",\"url\":\"https:\/\/www.institutfrancais-lituanie.com\/fr\/\",\"logo\":{\"@type\":\"ImageObject\",\"inLanguage\":\"fr-FR\",\"@id\":\"https:\/\/www.institutfrancais-lituanie.com\/fr\/#\/schema\/logo\/image\/\",\"url\":\"https:\/\/www.institutfrancais-lituanie.com\/wp-content\/uploads\/2023\/04\/IF_Logo-Lituanie-RVB.jpg\",\"contentUrl\":\"https:\/\/www.institutfrancais-lituanie.com\/wp-content\/uploads\/2023\/04\/IF_Logo-Lituanie-RVB.jpg\",\"width\":827,\"height\":555,\"caption\":\"Pranc\u016bz\u0173 institutas\"},\"image\":{\"@id\":\"https:\/\/www.institutfrancais-lituanie.com\/fr\/#\/schema\/logo\/image\/\"},\"sameAs\":[\"https:\/\/www.facebook.com\/prancuzuinstitutas\/\",\"https:\/\/www.instagram.com\/institut_francais_lituanie\/\"]}]}<\/script>\n<!-- \/ Yoast SEO plugin. -->","yoast_head_json":{"title":"Cours extensifs de fran\u00e7ais \u00e0 distance - IF Lituanie","robots":{"index":"index","follow":"follow","max-snippet":"max-snippet:-1","max-image-preview":"max-image-preview:large","max-video-preview":"max-video-preview:-1"},"canonical":"https:\/\/www.institutfrancais-lituanie.com\/fr\/cours-francais\/cours-en-ligne\/cours-extensifs-de-francais-a-distance\/","og_locale":"fr_FR","og_type":"article","og_title":"Cours extensifs de fran\u00e7ais \u00e0 distance - IF Lituanie","og_url":"https:\/\/www.institutfrancais-lituanie.com\/fr\/cours-francais\/cours-en-ligne\/cours-extensifs-de-francais-a-distance\/","og_site_name":"IF Lituanie","article_publisher":"https:\/\/www.facebook.com\/prancuzuinstitutas\/","article_modified_time":"2021-04-29T06:22:24+00:00","og_image":[{"width":1170,"height":585,"url":"https:\/\/www.institutfrancais-lituanie.com\/wp-content\/uploads\/2020\/03\/site-extensif2.png","type":"image\/png"}],"twitter_card":"summary_large_image","twitter_misc":{"Est. reading time":"2 minutes"},"schema":{"@context":"https:\/\/schema.org","@graph":[{"@type":"WebPage","@id":"https:\/\/www.institutfrancais-lituanie.com\/fr\/cours-francais\/cours-en-ligne\/cours-extensifs-de-francais-a-distance\/","url":"https:\/\/www.institutfrancais-lituanie.com\/fr\/cours-francais\/cours-en-ligne\/cours-extensifs-de-francais-a-distance\/","name":"Cours extensifs de fran\u00e7ais \u00e0 distance - IF Lituanie","isPartOf":{"@id":"https:\/\/www.institutfrancais-lituanie.com\/fr\/#website"},"primaryImageOfPage":{"@id":"https:\/\/www.institutfrancais-lituanie.com\/fr\/cours-francais\/cours-en-ligne\/cours-extensifs-de-francais-a-distance\/#primaryimage"},"image":{"@id":"https:\/\/www.institutfrancais-lituanie.com\/fr\/cours-francais\/cours-en-ligne\/cours-extensifs-de-francais-a-distance\/#primaryimage"},"thumbnailUrl":"https:\/\/www.institutfrancais-lituanie.com\/wp-content\/uploads\/2020\/03\/site-extensif2.png","datePublished":"2020-03-24T12:40:04+00:00","dateModified":"2021-04-29T06:22:24+00:00","breadcrumb":{"@id":"https:\/\/www.institutfrancais-lituanie.com\/fr\/cours-francais\/cours-en-ligne\/cours-extensifs-de-francais-a-distance\/#breadcrumb"},"inLanguage":"fr-FR","potentialAction":[{"@type":"ReadAction","target":["https:\/\/www.institutfrancais-lituanie.com\/fr\/cours-francais\/cours-en-ligne\/cours-extensifs-de-francais-a-distance\/"]}]},{"@type":"ImageObject","inLanguage":"fr-FR","@id":"https:\/\/www.institutfrancais-lituanie.com\/fr\/cours-francais\/cours-en-ligne\/cours-extensifs-de-francais-a-distance\/#primaryimage","url":"https:\/\/www.institutfrancais-lituanie.com\/wp-content\/uploads\/2020\/03\/site-extensif2.png","contentUrl":"https:\/\/www.institutfrancais-lituanie.com\/wp-content\/uploads\/2020\/03\/site-extensif2.png","width":1170,"height":585},{"@type":"BreadcrumbList","@id":"https:\/\/www.institutfrancais-lituanie.com\/fr\/cours-francais\/cours-en-ligne\/cours-extensifs-de-francais-a-distance\/#breadcrumb","itemListElement":[{"@type":"ListItem","position":1,"name":"Home","item":"https:\/\/www.institutfrancais-lituanie.com\/fr\/"},{"@type":"ListItem","position":2,"name":"Cours et examens","item":"https:\/\/www.institutfrancais-lituanie.com\/fr\/cours-francais\/"},{"@type":"ListItem","position":3,"name":"Cours de fran\u00e7ais en ligne","item":"https:\/\/www.institutfrancais-lituanie.com\/fr\/cours-francais\/cours-en-ligne\/"},{"@type":"ListItem","position":4,"name":"Cours extensifs de fran\u00e7ais \u00e0 distance"}]},{"@type":"WebSite","@id":"https:\/\/www.institutfrancais-lituanie.com\/fr\/#website","url":"https:\/\/www.institutfrancais-lituanie.com\/fr\/","name":"IF Lituanie","description":"Pranc\u016bz\u0173 kalbos kursai, kult\u016bra, mediateka...","publisher":{"@id":"https:\/\/www.institutfrancais-lituanie.com\/fr\/#organization"},"potentialAction":[{"@type":"SearchAction","target":{"@type":"EntryPoint","urlTemplate":"https:\/\/www.institutfrancais-lituanie.com\/fr\/?s={search_term_string}"},"query-input":"required name=search_term_string"}],"inLanguage":"fr-FR"},{"@type":"Organization","@id":"https:\/\/www.institutfrancais-lituanie.com\/fr\/#organization","name":"Pranc\u016bz\u0173 institutas","url":"https:\/\/www.institutfrancais-lituanie.com\/fr\/","logo":{"@type":"ImageObject","inLanguage":"fr-FR","@id":"https:\/\/www.institutfrancais-lituanie.com\/fr\/#\/schema\/logo\/image\/","url":"https:\/\/www.institutfrancais-lituanie.com\/wp-content\/uploads\/2023\/04\/IF_Logo-Lituanie-RVB.jpg","contentUrl":"https:\/\/www.institutfrancais-lituanie.com\/wp-content\/uploads\/2023\/04\/IF_Logo-Lituanie-RVB.jpg","width":827,"height":555,"caption":"Pranc\u016bz\u0173 institutas"},"image":{"@id":"https:\/\/www.institutfrancais-lituanie.com\/fr\/#\/schema\/logo\/image\/"},"sameAs":["https:\/\/www.facebook.com\/prancuzuinstitutas\/","https:\/\/www.instagram.com\/institut_francais_lituanie\/"]}]}},"_links":{"self":[{"href":"https:\/\/www.institutfrancais-lituanie.com\/fr\/wp-json\/wp\/v2\/pages\/6004"}],"collection":[{"href":"https:\/\/www.institutfrancais-lituanie.com\/fr\/wp-json\/wp\/v2\/pages"}],"about":[{"href":"https:\/\/www.institutfrancais-lituanie.com\/fr\/wp-json\/wp\/v2\/types\/page"}],"author":[{"embeddable":true,"href":"https:\/\/www.institutfrancais-lituanie.com\/fr\/wp-json\/wp\/v2\/users\/2"}],"replies":[{"embeddable":true,"href":"https:\/\/www.institutfrancais-lituanie.com\/fr\/wp-json\/wp\/v2\/comments?post=6004"}],"version-history":[{"count":12,"href":"https:\/\/www.institutfrancais-lituanie.com\/fr\/wp-json\/wp\/v2\/pages\/6004\/revisions"}],"predecessor-version":[{"id":7173,"href":"https:\/\/www.institutfrancais-lituanie.com\/fr\/wp-json\/wp\/v2\/pages\/6004\/revisions\/7173"}],"up":[{"embeddable":true,"href":"https:\/\/www.institutfrancais-lituanie.com\/fr\/wp-json\/wp\/v2\/pages\/5997"}],"wp:featuredmedia":[{"embeddable":true,"href":"https:\/\/www.institutfrancais-lituanie.com\/fr\/wp-json\/wp\/v2\/media\/6005"}],"wp:attachment":[{"href":"https:\/\/www.institutfrancais-lituanie.com\/fr\/wp-json\/wp\/v2\/media?parent=6004"}],"curies":[{"name":"wp","href":"https:\/\/api.w.org\/{rel}","templated":true}]}}