{"id":2758,"date":"2019-01-08T13:07:00","date_gmt":"2019-01-08T13:07:00","guid":{"rendered":"http:\/\/institutfrancais-lituanie.com\/?page_id=2758"},"modified":"2022-02-04T13:16:33","modified_gmt":"2022-02-04T13:16:33","slug":"francophonie","status":"publish","type":"page","link":"https:\/\/www.institutfrancais-lituanie.com\/fr\/francophonie\/","title":{"rendered":"Francophonie 2021"},"content":{"rendered":"<div class=\"wpb-content-wrapper\"><p>[vc_row][vc_column][vc_message icon_fontawesome=&#8221;fa fa-bullhorn&#8221;]<strong>Tous les \u00e9v\u00e9nements de la Francophonie 2021 seront en ligne.\u00a0<\/strong><\/p>\n<p><strong>Des mises \u00e0 jour sont possibles : merci de suivre nos informations r\u00e9guli\u00e8rement, notamment notre page Facebook<\/strong>[\/vc_message][\/vc_column][\/vc_row][vc_row][vc_column width=&#8221;1\/2&#8243;][vc_column_text]Aujourd\u2019hui, 300 millions de personnes parlent fran\u00e7ais \u00e0 travers le monde. Ce chiffre pourrait augmenter pour atteindre 747 millions en 2070, port\u00e9 notamment par la d\u00e9mographie du continent africain. 88 Etats et Gouvernements sont rassembl\u00e9s au sein de l\u2019Organisation Internationale de la Francophonie. La Lituanie est membre observateur depuis 1999.<\/p>\n<p>La Journ\u00e9e internationale de la Francophonie du 20 mars est c\u00e9l\u00e9br\u00e9e depuis 1990 par tous les francophones \u00e0 travers le monde. Symbole d\u2019union, espace de solidarit\u00e9 et facteur de paix, la Francophonie est au c\u0153ur des rassemblements festifs et culturels qui ont lieu \u00e0 cette occasion.<\/p>\n<p>En Lituanie, ce n\u2019est pas uniquement cette journ\u00e9e internationale qui est c\u00e9l\u00e9br\u00e9e, mais bien le mois de mars entier qui est d\u00e9di\u00e9 \u00e0 la langue fran\u00e7aise et aux cultures francophones avec de multiples \u00e9v\u00e8nements pour tous les publics \u00e0 travers tout le pays. Le Minist\u00e8re des Affaires \u00e9trang\u00e8res, l\u2019Institut fran\u00e7ais de Lituanie et les partenaires lituaniens et des pays francophones proposent une programmation riche en \u00e9v\u00e9nements ![\/vc_column_text][\/vc_column][vc_column width=&#8221;1\/2&#8243;][vc_single_image image=&#8221;6980&#8243; img_size=&#8221;full&#8221; alignment=&#8221;center&#8221;][\/vc_column][\/vc_row][vc_row][vc_column][vc_raw_html]JTNDZGl2JTIwaWQlM0QlMjJzaWRlYmFyJTIyJTIwY2xhc3MlM0QlMjJwZW5jaS1zaWRlYmFyLWNvbnRlbnQlMjBwZW5jaS1zaWRlYmFyLWNvbnRlbnQlMjBwZW5jaS1zaWRlYmFyLWNvbnRlbnQtdmMlMjBzdHlsZS01JTIwcGNhbGlnbi1sZWZ0JTIyJTIwc3R5bGUlM0QlMjJwb3NpdGlvbiUzQSUyMHJlbGF0aXZlJTNCJTIwb3ZlcmZsb3clM0ElMjB2aXNpYmxlJTNCJTIwYm94LXNpemluZyUzQSUyMGJvcmRlci1ib3glM0IlMjBtaW4taGVpZ2h0JTNBJTIwMXB4JTNCJTIyJTNFJTBBJTNDaDQlMjBjbGFzcyUzRCUyMndpZGdldC10aXRsZSUyMHBlbmNpLWJvcmRlci1hcnJvdyUyMiUzRSUzQ3NwYW4lMjBjbGFzcyUzRCUyMmlubmVyLWFycm93JTIyJTNFTGElMjBmcmFuY29waG9uaWUlMjBlbiUyMExpdHVhbmllJTNDJTJGc3BhbiUzRSUzQyUyRmg0JTNFJTBBJTNDJTJGZGl2JTNF[\/vc_raw_html][\/vc_column][\/vc_row][vc_row][vc_column][vc_video link=&#8221;https:\/\/youtube.com\/watch?v=irHh3yGnBVE&amp;feature=share&#8221;][\/vc_column][\/vc_row][vc_row][vc_column][vc_basic_grid post_type=&#8221;ids&#8221; grid_id=&#8221;vc_gid:1615373443958-df886a8d-884a-2&#8243; include=&#8221;6943, 7007, 6961&#8243;][\/vc_column][\/vc_row][vc_row][vc_column][vc_raw_html]JTNDZGl2JTIwY2xhc3MlM0QlMjJwZW5jaS1ob21lLXBvcHVsYXItcG9zdHMlMjIlM0UlMDklMDklMDklMDklMDklMDklMDklM0NoMiUyMGNsYXNzJTNEJTIyaG9tZS1wdXB1bGFyLXBvc3RzLXRpdGxlJTIyJTNFJTBBJTNDc3BhbiUzRVByb2dyYW1tZSUyMDIwMjElM0MlMkZzcGFuJTNFJTNDJTJGaDIlM0UlMEElM0MlMkZkaXYlM0U=[\/vc_raw_html][\/vc_column][\/vc_row][vc_row][vc_column][vc_column_text]<\/p>\n<div style=\"overflow-x: auto;\">\n<table style=\"height: 7151px; background-color: #9deffa; width: 100%; border-style: solid; border-color: #d4d2d2;\" border=\"1\" width=\"100%\">\n<tbody>\n<tr style=\"height: 84px;\">\n<td style=\"width: 13.8004%; height: 84px; background-color: #92dae0;\" width=\"86\">01-31\/03<\/td>\n<td style=\"width: 16.6168%; height: 84px; background-color: #92dae0;\" width=\"70\"><\/td>\n<td style=\"width: 30.2225%; height: 84px; background-color: #92dae0;\" width=\"325\">Bonjour, Kaunas !<br \/>\nVisite guid\u00e9e \u00e0 Kaunas<\/td>\n<td style=\"width: 24.026%; height: 84px; background-color: #92dae0;\" width=\"212\">KAUNASTIKA<br \/>\nV\u0161\u012e \u201eKaunas IN\u201c<\/td>\n<\/tr>\n<tr style=\"height: 105px;\">\n<td style=\"width: 13.8004%; height: 93px; background-color: #f7f6a1;\" width=\"86\">01-18\/03<\/td>\n<td style=\"width: 16.6168%; height: 93px; background-color: #f7f6a1;\" width=\"70\"><\/td>\n<td style=\"width: 30.2225%; height: 93px; background-color: #f7f6a1;\" width=\"325\">Concours \u00ab Nos villes en fran\u00e7ais \u00bb destin\u00e9 aux \u00e9l\u00e8ves et \u00e9tudiants de FLE<\/td>\n<td style=\"width: 24.026%; height: 93px; background-color: #f7f6a1;\" width=\"212\">Association des professeurs de fran\u00e7ais de Lituanie<br \/>\nhttps:\/\/shorturl.me\/seJv<br \/>\nmiroslav.stasilo@flf.vu.lt<\/td>\n<\/tr>\n<tr style=\"height: 63px;\">\n<td style=\"width: 13.8004%; height: 63px; background-color: #deafaf;\" width=\"86\">02\/03<\/td>\n<td style=\"width: 16.6168%; height: 63px; background-color: #deafaf;\" width=\"70\"><\/td>\n<td style=\"width: 30.2225%; height: 63px; background-color: #deafaf;\" width=\"325\">Mardi de la litt\u00e9rature francophone f\u00e9minine<\/td>\n<td style=\"width: 24.026%; height: 63px; background-color: #deafaf;\" width=\"212\">Kauno miesto savivaldyb\u0117s Vinco Kudirkos vie\u0161oji biblioteka<br \/>\nwww.kaunas.mvb.lt<br \/>\nhttps:\/\/www.facebook.com\/KaunoMiestoBiblioteka<\/td>\n<\/tr>\n<tr style=\"height: 105px;\">\n<td style=\"width: 13.8004%; height: 105px; background-color: #92dae0;\" width=\"86\">02-27\/03<\/td>\n<td style=\"width: 16.6168%; height: 105px; background-color: #92dae0;\" width=\"70\"><\/td>\n<td style=\"width: 30.2225%; height: 105px; background-color: #92dae0;\" width=\"325\">Concours national scolaire de la BD<br \/>\n,,Dis-moi dix mots qui (ne) manquent pas d&#8217;air !\u201c<\/td>\n<td style=\"width: 24.026%; height: 105px; background-color: #92dae0;\" width=\"212\">Snieguole.Kavoliuniene@institutfrancais-lituanie.com<\/td>\n<\/tr>\n<tr style=\"height: 42px;\">\n<td style=\"width: 13.8004%; height: 42px; background-color: #f7f6a1;\" width=\"86\">03\/03<\/td>\n<td style=\"width: 16.6168%; height: 42px; background-color: #f7f6a1;\" width=\"70\"><\/td>\n<td style=\"width: 30.2225%; height: 42px; background-color: #f7f6a1;\" width=\"325\">Concours national des col\u00e9giens<br \/>\n&#8220;Je parle francais et toi?&#8221;<\/td>\n<td style=\"width: 24.026%; height: 42px; background-color: #f7f6a1;\" width=\"212\">Association des professeurs de fran\u00e7ais de Lituanie<\/td>\n<\/tr>\n<tr style=\"height: 126px;\">\n<td style=\"width: 13.8004%; height: 126px; background-color: #f7f6a1;\" width=\"86\">03\/03<\/td>\n<td style=\"width: 16.6168%; height: 126px; background-color: #f7f6a1;\" width=\"70\">15:00<\/td>\n<td style=\"width: 30.2225%; height: 126px; background-color: #f7f6a1;\" width=\"325\">Dict\u00e9e fran\u00e7aise \u00e0 l&#8217;Universit\u00e9 de Vilnius<\/td>\n<td style=\"width: 24.026%; height: 126px; background-color: #f7f6a1;\" width=\"212\">Vytautas Bikul\u010dius<br \/>\nvytautas.bikulcius@flf.vu.lt<\/td>\n<\/tr>\n<tr style=\"height: 168px;\">\n<td style=\"width: 13.8004%; height: 168px;\" width=\"86\">04-05\/03<\/td>\n<td style=\"width: 16.6168%; height: 168px;\" width=\"70\"><\/td>\n<td style=\"width: 30.2225%; height: 168px;\" width=\"325\">Olympiades nationales de la langue fran\u00e7aise<br \/>\nCl\u00f4ture le 5 mars \u00e0 15h30<\/td>\n<td style=\"width: 24.026%; height: 168px;\" width=\"212\">Lietuvos mokini\u0173 neformaliojo \u0161vietimo centras<br \/>\nAssociation des professeurs de fran\u00e7ais de Lituanie<br \/>\nInstitut fran\u00e7ais de Lituanie<\/td>\n<\/tr>\n<tr style=\"height: 21px;\">\n<td style=\"width: 13.8004%; height: 21px; background-color: #f7f6a1;\" width=\"86\">04\/03<\/td>\n<td style=\"width: 16.6168%; height: 21px; background-color: #f7f6a1;\" width=\"70\">18:00<\/td>\n<td style=\"width: 30.2225%; height: 21px; background-color: #f7f6a1;\" width=\"325\">CHERCHEZ LA FEMME<br \/>\nConf\u00e9rence par Erika Umbrasait\u0117, journaliste et \u00e9crivaine<\/td>\n<td style=\"width: 24.026%; height: 21px; background-color: #f7f6a1;\" width=\"212\">Lietuvos mokini\u0173 neformaliojo \u0161vietimo centras<br \/>\nAssociation des professeurs de fran\u00e7ais de Lituanie<br \/>\nInstitut fran\u00e7ais de Lituanie<\/td>\n<\/tr>\n<tr style=\"height: 105px;\">\n<td style=\"width: 13.8004%; height: 105px; background-color: #92dae0;\" width=\"86\">04\/03<\/td>\n<td style=\"width: 16.6168%; height: 105px; background-color: #92dae0;\" width=\"70\">17:00<\/td>\n<td style=\"width: 30.2225%; height: 105px; background-color: #92dae0;\" width=\"325\">\u00ab Le Canada en Francophonie \u00bb<br \/>\nL\u2019intervention de M. Richard Martin Nielsen, le charg\u00e9 d\u2019Affaires de Bureau de l\u2019Ambassade du Canada en Lituanie\u00ab Communication interculturelle dans la vie personnelle et professionnelle \u00bb<br \/>\nLa communication de Mme Kim Th\u00fay, \u00e9crivain du Canada<\/td>\n<td style=\"width: 24.026%; height: 105px; background-color: #92dae0;\" width=\"212\">VDU Frankofonijos \u0161ali\u0173 centras<br \/>\nhttps:\/\/francophonia.vdu.lt\/<br \/>\ngiedre.pranaityte@vdu.lt<\/td>\n<\/tr>\n<tr style=\"height: 105px;\">\n<td style=\"width: 13.8004%; height: 105px; background-color: #92dae0;\" width=\"86\">05\/03<\/td>\n<td style=\"width: 16.6168%; height: 105px; background-color: #92dae0;\" width=\"70\">19:00<\/td>\n<td style=\"width: 30.2225%; height: 105px; background-color: #92dae0;\" width=\"325\">&#8220;Amusons-nous! &#8221;<br \/>\nQUIZZ en ligne sur la langue fran\u00e7aise et les pays francophones<\/td>\n<td style=\"width: 24.026%; height: 105px; background-color: #92dae0;\" width=\"212\">Universit\u00e9 Mykolas Romeris<br \/>\nCentre des pays francophones<br \/>\nArnaud PARENT<br \/>\narnaud@mruni.eu<br \/>\nfrankofonija@mruni.eu<\/td>\n<\/tr>\n<tr style=\"height: 63px;\">\n<td style=\"width: 13.8004%; height: 63px; background-color: #f7f6a1;\" width=\"86\"><\/td>\n<td style=\"width: 16.6168%; height: 63px; background-color: #f7f6a1;\" width=\"70\"><\/td>\n<td style=\"width: 30.2225%; height: 63px; background-color: #f7f6a1;\" width=\"325\">Projection de film en ligne &#8211; Le vent tourne<\/td>\n<td style=\"width: 24.026%; height: 63px; background-color: #f7f6a1;\" width=\"212\">Ambassade Suisse \u00e0 Riga sanita.sile@eda.admin.ch<\/td>\n<\/tr>\n<tr style=\"height: 84px;\">\n<td style=\"width: 13.8004%; height: 84px; background-color: #f7f6a1;\" width=\"86\">09\/03<\/td>\n<td style=\"width: 16.6168%; height: 84px; background-color: #f7f6a1;\" width=\"70\"><\/td>\n<td style=\"width: 30.2225%; height: 84px; background-color: #f7f6a1;\" width=\"325\">Mardi de la litt\u00e9rature francophone f\u00e9minine<\/td>\n<td style=\"width: 24.026%; height: 84px; background-color: #f7f6a1;\" width=\"212\">Kauno miesto savivaldyb\u0117s Vinco Kudirkos vie\u0161oji biblioteka<br \/>\nwww.kaunas.mvb.lt<br \/>\nhttps:\/\/www.facebook.com\/KaunoMiestoBiblioteka<\/td>\n<\/tr>\n<tr style=\"height: 84px;\">\n<td style=\"background-color: #c0fcda; width: 13.8004%; height: 84px;\" width=\"86\">09\/03<\/td>\n<td style=\"background-color: #c0fcda; width: 16.6168%; height: 84px;\" width=\"70\">17:00<\/td>\n<td style=\"background-color: #c0fcda; width: 30.2225%; height: 84px;\" width=\"325\">Rencontre des lyc\u00e9ens avec le dessinateur belge de la BD Mathieu Burniat<\/td>\n<td style=\"background-color: #c0fcda; width: 24.026%; height: 84px;\" width=\"212\">s.creteur@delwalbru.be<\/td>\n<\/tr>\n<tr style=\"height: 105px;\">\n<td style=\"width: 13.8004%; height: 105px; background-color: #f7f6a1;\" width=\"86\">09\/03<\/td>\n<td style=\"width: 16.6168%; height: 105px; background-color: #f7f6a1;\" width=\"70\">17:00<\/td>\n<td style=\"width: 30.2225%; height: 105px; background-color: #f7f6a1;\" width=\"325\">\u00abFrance, Francophonie et strat\u00e9gie oc\u00e9anique de France \u00bb<\/p>\n<p>La communication de M. Egidijus Motieka, professeur, dr. de l\u2019Universit\u00e9 Mykolas Romeris<\/td>\n<td style=\"width: 24.026%; height: 105px; background-color: #f7f6a1;\" width=\"212\">VDU Frankofonijos \u0161ali\u0173 centras<br \/>\nhttps:\/\/francophonia.vdu.lt\/<br \/>\ngiedre.pranaityte@vdu.lt<\/td>\n<\/tr>\n<tr style=\"height: 63px;\">\n<td style=\"width: 13.8004%; height: 63px; background-color: #f7f6a1;\" width=\"86\">10-31\/03<\/td>\n<td style=\"width: 16.6168%; height: 63px; background-color: #f7f6a1;\" width=\"70\"><\/td>\n<td style=\"width: 30.2225%; height: 63px; background-color: #f7f6a1;\" width=\"325\">Bon Voyage! Grenoble capitale verte europ\u00e9enne 2022\u201c<br \/>\nExposition en plein air<\/td>\n<td style=\"width: 24.026%; height: 63px; background-color: #f7f6a1;\" width=\"212\">Paroda \u201eBon Voyage! Grenoblis \u2013 Europos \u017dalioji sostin\u0117 2022\u201c<br \/>\nParodos ekspozicijos vieta: Laisv\u0117s al. 96, greta Kauno miesto savivaldyb\u0117s administracijos<\/td>\n<\/tr>\n<tr style=\"height: 63px;\">\n<td style=\"width: 13.8004%; height: 63px; background-color: #92dae0;\" width=\"86\">10\/03<\/td>\n<td style=\"width: 16.6168%; height: 63px; background-color: #92dae0;\" width=\"70\">18:00<\/td>\n<td style=\"width: 30.2225%; height: 63px; background-color: #92dae0;\" width=\"325\">Soir\u00e9e par les \u00e9tudiants de l&#8217;Universit\u00e9 de Vilnius : Parlez-vous fran\u00e7ais?<\/td>\n<td style=\"width: 24.026%; height: 63px; background-color: #92dae0;\" width=\"212\">Vytautas Bikul\u010dius<br \/>\nvytautas.bikulcius@flf.vu.lt<\/td>\n<\/tr>\n<tr style=\"height: 147px;\">\n<td style=\"width: 13.8004%; height: 147px; background-color: #f7f6a1;\" width=\"86\">10\/03-10\/04<\/td>\n<td style=\"width: 16.6168%; height: 147px; background-color: #f7f6a1;\" width=\"70\"><\/td>\n<td style=\"width: 30.2225%; height: 147px; background-color: #f7f6a1;\" width=\"325\">IFcin\u00e9ma \u00e0 la carte<br \/>\n4 films en ligne, sous-titres anglais :\u2022 Corniche Kennedy de Dominique Cabrera<br \/>\n\u2022 Lulu femme nue de Solveig Anspach<br \/>\n\u2022 Les Malheurs de Sophie de Christophe Honor\u00e9<br \/>\n\u2022 Cam\u00e9ra d\u2019Afrique de F\u00e9rid Boughedir<\/td>\n<td style=\"width: 24.026%; height: 147px; background-color: #f7f6a1;\" width=\"212\">https:\/\/ifcinema.institutfrancais.com\/fr\/streaming\/alacarte<\/td>\n<\/tr>\n<tr>\n<td style=\"width: 13.8004%; background-color: #e899e1;\">12\/03<\/td>\n<td style=\"width: 16.6168%; background-color: #e899e1;\"><\/td>\n<td style=\"width: 30.2225%; background-color: #e899e1;\">Conf\u00e9rence d\u2019Egl\u0117 Ka\u010dkut\u0117 en pr\u00e9sence de Dalia Leinarte, pr\u00e9sidente du Comit\u00e9 pour l\u2019\u00e9limination de la discrimination \u00e0 l\u2019\u00e9gard des femmes (UN CEDAW)\u00a0Conf\u00e9rence : \u00ab Maternit\u00e9, migration et carri\u00e8re professionnelle en Suisse francophone \u00bb<\/td>\n<td style=\"width: 24.026%; background-color: #e899e1;\">Institut fran\u00e7ais de Lituanie<\/p>\n<p>Inscription : <u><a href=\"https:\/\/forms.gle\/yogwsRGaaEHWrpqy7\" data-saferedirecturl=\"https:\/\/www.google.com\/url?q=https:\/\/forms.gle\/yogwsRGaaEHWrpqy7&amp;source=gmail&amp;ust=1614955268676000&amp;usg=AFQjCNE8dTtaka0e6lzkW18oCDuONywszw\">https:\/\/forms.gle\/yogwsRGaaEHWrpqy7<\/a><\/u><\/p>\n<p>&nbsp;<\/td>\n<\/tr>\n<tr style=\"height: 147px;\">\n<td style=\"width: 13.8004%; height: 147px; background-color: #e899e1;\" width=\"86\">12\/03<\/td>\n<td style=\"width: 16.6168%; height: 147px; background-color: #e899e1;\" width=\"70\">19:00<\/td>\n<td style=\"width: 30.2225%; height: 147px; background-color: #e899e1;\" width=\"325\">Soir\u00e9e litt\u00e9raire et po\u00e9tique<\/td>\n<td style=\"width: 24.026%; height: 147px; background-color: #e899e1;\" width=\"212\">Universit\u00e9 Mykolas Romeris<br \/>\nCentre des pays francophones<br \/>\nArnaud PARENT<br \/>\narnaud@mruni.eu<br \/>\nfrankofonija@mruni.eu<\/td>\n<\/tr>\n<tr>\n<td style=\"width: 13.8004%; background-color: #f7f6a1;\">16\/03<\/td>\n<td style=\"width: 16.6168%; background-color: #f7f6a1;\">18:00<\/td>\n<td style=\"width: 30.2225%; background-color: #f7f6a1;\">&#8220;Ma langue fran\u00e7aise\u00a0: du ballet vers Mars&#8221;<\/p>\n<p>Rencontre avec Simona Liukaityt\u0117 \u2013 Suszczinska<\/td>\n<td style=\"width: 24.026%; background-color: #f7f6a1;\">snieguole.kavoliuniene@institutfrancais-lituanie.c<\/td>\n<\/tr>\n<tr style=\"height: 42px;\">\n<td style=\"width: 13.8004%; height: 42px; background-color: #f7f6a1;\" width=\"86\">16\/03<\/td>\n<td style=\"width: 16.6168%; height: 42px; background-color: #f7f6a1;\" width=\"70\"><\/td>\n<td style=\"width: 30.2225%; height: 42px; background-color: #f7f6a1;\" width=\"325\">Mardi de la litt\u00e9rature francophone f\u00e9minine<\/td>\n<td style=\"width: 24.026%; height: 42px; background-color: #f7f6a1;\" width=\"212\">Kauno miesto savivaldyb\u0117s Vinco Kudirkos vie\u0161oji biblioteka<br \/>\nwww.kaunas.mvb.lt<br \/>\nhttps:\/\/www.facebook.com\/KaunoMiestoBiblioteka<\/td>\n<\/tr>\n<tr style=\"height: 126px;\">\n<td style=\"width: 13.8004%; height: 126px; background-color: #92dae0;\" width=\"86\">16\/03<\/td>\n<td style=\"width: 16.6168%; height: 126px; background-color: #92dae0;\" width=\"70\">15:00<\/td>\n<td style=\"width: 30.2225%; height: 126px; background-color: #92dae0;\" width=\"325\">Webinaire \u00abInt\u00e9grer le num\u00e9rique en classe de FLE\u00bb (Driss Louiz &#8211; enseignant chercheur \u00e0 la Facult\u00e9 des Langues, des Lettres et des Arts, Universit\u00e9 Ibn Tofail de K\u00e9nitra, Maroc) pour les professeurs de FLE<\/td>\n<td style=\"width: 24.026%; height: 126px; background-color: #92dae0;\" width=\"212\">Association des professeurs de fran\u00e7ais de Lituanie<br \/>\nhttps:\/\/zoom.us\/j\/4175247639<br \/>\nvitalija.kazlauskiene@yahoo.com<\/td>\n<\/tr>\n<tr style=\"height: 105px;\">\n<td style=\"width: 13.8004%; height: 105px; background-color: #f7f6a1;\" width=\"86\">16\/03<\/td>\n<td style=\"width: 16.6168%; height: 105px; background-color: #f7f6a1;\" width=\"70\">17:00<\/td>\n<td style=\"width: 30.2225%; height: 105px; background-color: #f7f6a1;\" width=\"325\">\u00ab Les enjeux des exercices de traduction dans les manuels scolaires cr\u00e9oles des Petites-Antilles fran\u00e7aises : les risques sociolinguistiques pour les jeunes \u00e9l\u00e8ves \u00bb<br \/>\nLa communication de dr. Taylor Smith, professeur de l\u2019Universit\u00e9 Vytautas Magnus<\/td>\n<td style=\"width: 24.026%; height: 105px; background-color: #f7f6a1;\" width=\"212\">VDU Frankofonijos \u0161ali\u0173 centras<br \/>\nhttps:\/\/francophonia.vdu.lt\/<br \/>\ngiedre.pranaityte@vdu.lt<\/td>\n<\/tr>\n<tr>\n<td style=\"width: 13.8004%; background-color: #f7f6a1;\">17\/03<\/td>\n<td style=\"width: 16.6168%; background-color: #f7f6a1;\"><\/td>\n<td style=\"width: 30.2225%; background-color: #f7f6a1;\"><span lang=\"FR\">\u00ab\u00a0Entre la Lituanie et la France\u00a0\u00bb : le critique litt\u00e9raire Dainius Vaitiek\u016bnas parle avec le critique litt\u00e9raire et la traductrice Genovait\u0117 Dru\u010dkut\u0117<\/span><\/td>\n<td style=\"width: 24.026%; background-color: #f7f6a1;\"><span lang=\"FR\">La diffusion de l\u2019enregistrement \u2013 sur la cha\u00eene de la Biblioth\u00e8que nationale lituanienne de la plateforme Youtube.<\/span><\/td>\n<\/tr>\n<tr style=\"height: 189px;\">\n<td style=\"width: 13.8004%; height: 189px; background-color: #f7f6a1;\" width=\"86\">17\/03<\/td>\n<td style=\"width: 16.6168%; height: 189px; background-color: #f7f6a1;\" width=\"70\">15:00<\/td>\n<td style=\"width: 30.2225%; height: 189px; background-color: #f7f6a1;\" width=\"325\">Concour Reverdy eil\u0117ra\u0161\u010dio \u201eL\u055aHomme et le temps\u201c vertimo konkursas<\/td>\n<td style=\"width: 24.026%; height: 189px; background-color: #f7f6a1;\" width=\"212\">Vytautas Bikul\u010dius<br \/>\nvytautas.bikulcius@flf.vu.lt<\/td>\n<\/tr>\n<tr style=\"height: 147px;\">\n<td style=\"width: 13.8004%; height: 147px; background-color: #92dae0;\" width=\"86\">17\/03<\/td>\n<td style=\"width: 16.6168%; height: 147px; background-color: #92dae0;\" width=\"70\"><\/td>\n<td style=\"width: 30.2225%; height: 147px; background-color: #92dae0;\" width=\"325\">Rencontre en ligne avec l&#8217;\u00e9crivain suisse Jo\u00ebl Dicker<\/td>\n<td style=\"width: 24.026%; height: 147px; background-color: #92dae0;\" width=\"212\">Ambassade Suisse \u00e0 Riga sanita.sile@eda.admin.ch<\/td>\n<\/tr>\n<tr>\n<td style=\"width: 13.8004%; background-color: #f7f6a1;\">18\/03<\/td>\n<td style=\"width: 16.6168%; background-color: #f7f6a1;\"><\/td>\n<td style=\"width: 30.2225%; background-color: #f7f6a1;\">\u00ab\u00a0Entre la France et la Lituanie\u00a0\u00bb : le critique litt\u00e9raire Dainius Vaitiek\u016bnas parle avec l\u2019actrice, r\u00e9alisatrice, traductrice fran\u00e7aise et lituanienne Karolina Masiulyt\u0117-Paliulien\u0117<\/p>\n<p>Karolina Masiulyt\u0117-Paliulien\u0117 s\u2019entretiendra avec le critique litt\u00e9raire, chef du D\u00e9partement des \u00e9tudes lituaniennes du D\u00e9partement de recherche sur le patrimoine documentaire de la Biblioth\u00e8que nationale lituanienne de Martynas Ma\u017evydas, dr. Dainius Vaitiek\u016bnas, sur la voie d\u2019acteur, diverses activit\u00e9s de promotion de la culture lituanienne et fran\u00e7aise et de plusieurs autres sujets.<\/td>\n<td style=\"width: 24.026%; background-color: #f7f6a1;\"><span lang=\"FR\">La diffusion de l\u2019enregistrement \u2013 sur la cha\u00eene de la Biblioth\u00e8que nationale lituanienne de la plateforme Youtube<\/span><\/td>\n<\/tr>\n<tr style=\"height: 63px;\">\n<td style=\"width: 13.8004%; height: 63px; background-color: #f7f6a1;\" width=\"86\">18\/03<\/td>\n<td style=\"width: 16.6168%; height: 63px; background-color: #f7f6a1;\" width=\"70\">16:00<\/td>\n<td style=\"width: 30.2225%; height: 63px; background-color: #f7f6a1;\" width=\"325\">\u00ab Question nationale, francophonie et diversit\u00e9 culturelle : le cas du Qu\u00e9bec \u00bb<\/p>\n<p>La communication de Ariane Le Moing, ma\u00eetre de conf\u00e9rence, docteur \u00e0 l\u2019Universit\u00e9 de Poitiers de France<\/td>\n<td style=\"width: 24.026%; height: 63px; background-color: #f7f6a1;\" width=\"212\">VDU Frankofonijos \u0161ali\u0173 centras<br \/>\nhttps:\/\/francophonia.vdu.lt\/<br \/>\ngiedre.pranaityte@vdu.lt<\/td>\n<\/tr>\n<tr style=\"height: 126px;\">\n<td style=\"width: 13.8004%; height: 126px; background-color: #f7f6a1;\" width=\"86\">18\/03<\/td>\n<td style=\"width: 16.6168%; height: 126px; background-color: #f7f6a1;\" width=\"70\"><\/td>\n<td style=\"width: 30.2225%; height: 126px; background-color: #f7f6a1;\" width=\"325\">Fran\u00e7ais, couleur ambre<br \/>\nCycle vid\u00e9o sur l&#8217;ambre en fran\u00e7ais \u00e0 destination des apprenants de fran\u00e7ais lituanien<\/td>\n<td style=\"width: 24.026%; height: 126px; background-color: #f7f6a1;\" width=\"212\">Palangos gintaro muziejus<br \/>\nwww.lndm.lt<br \/>\nmigle.jonaitiene@lndm.lt<\/td>\n<\/tr>\n<tr>\n<td style=\"width: 13.8004%; background-color: #f7f6a1;\">\u00a019\/03<\/td>\n<td style=\"width: 16.6168%; background-color: #f7f6a1;\"><\/td>\n<td style=\"width: 30.2225%; background-color: #f7f6a1;\"><span lang=\"FR\">Les entretiens de la s\u00e9rie des \u00e9missions \u00ab\u00a0Kalbos klubas\u00a0\u00bb\u00a0\u2013 Comment le fran\u00e7ais, la langue mondiale de la diplomatie, a contribu\u00e9 \u00e0 l\u2019ind\u00e9pendance de la Lituanie : Oskaras Mila\u0161ius<\/span><\/p>\n<p><span lang=\"FR\">Le 19 mars<\/span><span lang=\"FR\">. Entretien entre le professeur Jolanta Zabarskait\u0117 et le chercheur litt\u00e9raire professeur Nijol\u0117 Ka\u0161elionien\u0117. Partie II (enregistrement de la premi\u00e8re \u00e9mission : <\/span><span lang=\"LT\"><a href=\"https:\/\/www.lnb.lt\/nauji-vaizdo-irasai\/6445-prancuzu-ir-lietuviu-kalbu-santykiai-oskaras-milasius\">https:\/\/www.lnb.lt\/nauji-vaizdo-irasai\/6445-prancuzu-ir-lietuviu-kalbu-santykiai-oskaras-milasius<\/a><\/span><span lang=\"LT\">).<\/span><\/td>\n<td style=\"width: 24.026%; background-color: #f7f6a1;\"><span lang=\"FR\">La diffusion de l\u2019enregistrement \u2013 sur la cha\u00eene de la Biblioth\u00e8que nationale lituanienne de la plateforme Youtube<\/span><\/td>\n<\/tr>\n<tr style=\"height: 42px;\">\n<td style=\"width: 13.8004%; height: 42px; background-color: #f7f6a1;\" width=\"86\">19\/03<\/td>\n<td style=\"width: 16.6168%; height: 42px; background-color: #f7f6a1;\" width=\"70\">10:00<\/td>\n<td style=\"width: 30.2225%; height: 42px; background-color: #f7f6a1;\" width=\"325\">Conf\u00e9rence<br \/>\nLe fran\u00e7ais en f\u00eate<\/td>\n<td style=\"width: 24.026%; height: 42px; background-color: #f7f6a1;\" width=\"212\">Universit\u00e9 Mykolas Romeris<br \/>\nCentre des pays francophones<br \/>\nArnaud PARENT<br \/>\narnaud@mruni.eu<br \/>\nfrankofonija@mruni.eu<\/td>\n<\/tr>\n<tr style=\"height: 63px;\">\n<td style=\"width: 13.8004%; height: 63px; background-color: #92dae0;\" width=\"86\">19\/03<\/td>\n<td style=\"width: 16.6168%; height: 63px; background-color: #92dae0;\" width=\"70\">19:00<\/td>\n<td style=\"width: 30.2225%; height: 63px; background-color: #92dae0;\" width=\"325\">Spectacle en ligne &#8220;bowel&#8221;<br \/>\npar Naubertas Jasinskas du T\u00e9\u00e2tre de chambre de Kaunas<\/td>\n<td style=\"width: 24.026%; height: 63px; background-color: #92dae0;\" width=\"212\">Kauno miesto savivaldyb\u0117<br \/>\nKauno miesto kamerinis teatras<br \/>\nhttps:\/\/www.kamerinisteatras.lt\/Spektakliai\/repertuaras\/<\/td>\n<\/tr>\n<tr style=\"height: 105px;\">\n<td style=\"width: 13.8004%; height: 105px; background-color: #f7f6a1;\" width=\"86\">19\/03<\/td>\n<td style=\"width: 16.6168%; height: 105px; background-color: #f7f6a1;\" width=\"70\">19:00<\/td>\n<td style=\"width: 30.2225%; height: 105px; background-color: #f7f6a1;\" width=\"325\">Nuit du cin\u00e9ma francophone<br \/>\n3 films en ligne<\/td>\n<td style=\"width: 24.026%; height: 105px; background-color: #f7f6a1;\" width=\"212\">Universit\u00e9 Mykolas Romeris<br \/>\nCentre des pays francophones<br \/>\nArnaud PARENT<br \/>\narnaud@mruni.eu<br \/>\nfrankofonija@mruni.eu<\/td>\n<\/tr>\n<tr style=\"height: 42px;\">\n<td style=\"width: 13.8004%; height: 42px; background-color: #92dae0;\" width=\"86\">20-26\/03<\/td>\n<td style=\"width: 16.6168%; height: 42px; background-color: #92dae0;\" width=\"70\"><\/td>\n<td style=\"width: 30.2225%; height: 42px; background-color: #92dae0;\" width=\"325\">Visites virtuelles dans des pays francophones<br \/>\npar les \u00e9l\u00e8ves de Kaunas<\/td>\n<td style=\"width: 24.026%; height: 42px; background-color: #92dae0;\" width=\"212\">Kauno pedagog\u0173 kvalifikacijos centras<br \/>\nKauno pranc\u016bz\u0173 kalbos mokytojai<br \/>\nwww.kpkc.lt<\/td>\n<\/tr>\n<tr style=\"height: 84px;\">\n<td style=\"width: 13.8004%; height: 84px; background-color: #f7f6a1;\" width=\"86\">20\/03<\/td>\n<td style=\"width: 16.6168%; height: 84px; background-color: #f7f6a1;\" width=\"70\">13:00<\/td>\n<td style=\"width: 30.2225%; height: 84px; background-color: #f7f6a1;\" width=\"325\">Sur les pas des Fran\u00e7ais<br \/>\nVisite guid\u00e9e \u00e0 Vilnius<\/td>\n<td style=\"width: 24.026%; height: 84px; background-color: #f7f6a1;\" width=\"212\">Universit\u00e9 Mykolas Romeris<br \/>\nCentre des pays francophones<br \/>\nArnaud PARENT<br \/>\narnaud@mruni.eu<br \/>\nfrankofonija@mruni.eu<\/td>\n<\/tr>\n<tr style=\"height: 105px;\">\n<td style=\"width: 13.8004%; height: 105px; background-color: #92dae0;\" width=\"86\">21\/03<\/td>\n<td style=\"width: 16.6168%; height: 105px; background-color: #92dae0;\" width=\"70\">16:00<\/td>\n<td style=\"width: 30.2225%; height: 105px; background-color: #92dae0;\" width=\"325\">Cours en ligne<br \/>\nVie et \u00e9cole en Belgique<br \/>\npar Vykinta \u0160aulyt\u0117-Bukauskait\u0117, professeur de fran\u00e7ais<\/td>\n<td style=\"width: 24.026%; height: 105px; background-color: #92dae0;\" width=\"212\">Registracija https:\/\/kpkc.lt\/seminarai\/register.php?id=4188&amp;date=5259<br \/>\nKauno pedagog\u0173 kvalifikacijos centras<br \/>\nKauno pranc\u016bz\u0173 kalbos mokytojai<\/td>\n<\/tr>\n<tr>\n<td style=\"width: 13.8004%; background-color: #f7f6a1;\">22\/03<\/td>\n<td style=\"width: 16.6168%; background-color: #f7f6a1;\"><\/td>\n<td style=\"width: 30.2225%; background-color: #f7f6a1;\"><span lang=\"FR\">Le 22 mars \u00e0 10 h et le 29 mars \u00e0 10 h <\/span><span lang=\"FR\">il y aura un atelier de cr\u00e9ation \u00e0 distance pour les enfants \u00ab\u00a0Chez H. Matisse\u00a0\u00bb, men\u00e9 par l\u2019artiste de livres Sigut\u0117 Chlebinskait\u0117. Les \u0153uvres de l\u2019artiste fran\u00e7ais Henri Matisse seront utilis\u00e9es pour cr\u00e9er des compositions color\u00e9es \u00e0 partir de papier. La rencontre se tiendra \u00e0 distance, une inscription pr\u00e9alable est requise, le nombre de participants est limit\u00e9. <\/span><\/td>\n<td style=\"width: 24.026%; background-color: #f7f6a1;\"><span lang=\"FR\">Veuillez suivre les informations sur la page de la litt\u00e9rature pour enfants et jeunes de la Biblioth\u00e8que nationale sur le Facebook <\/span><span lang=\"LT\">(<\/span><span lang=\"LT\"><a href=\"https:\/\/www.facebook.com\/vaikuirjaunimoliteraturosdepartamentas\">https:\/\/www.facebook.com\/vaikuirjaunimoliteraturosdepartamentas<\/a>) ou <\/span><\/p>\n<p><span lang=\"FR\">sur le site internet de la Biblioth\u00e8que nationale <\/span><span lang=\"LT\">(<\/span><span lang=\"LT\"><a href=\"https:\/\/www.lnb.lt\/\">https:\/\/www.lnb.lt<\/a>).<\/span><\/p>\n<p><span lang=\"FR\">Contacts : <\/span><span lang=\"LT\"><a href=\"mailto:grupems@lnb.lt\">grupems<span lang=\"EN-US\">@lnb.lt<\/span><\/a><\/span><span lang=\"EN-US\">\u00a0<\/span><\/td>\n<\/tr>\n<tr>\n<td style=\"width: 13.8004%; background-color: #f7f6a1;\">22\/03 et 26\/03<\/td>\n<td style=\"width: 16.6168%; background-color: #f7f6a1;\">10:00<\/td>\n<td style=\"width: 30.2225%; background-color: #f7f6a1;\"><b><span lang=\"FR\">Tous les jours du 22 au 26 mars, de 10 h<\/span><\/b><span lang=\"FR\"> des livres d\u2019images des auteurs fran\u00e7ais seront lus lors des lectures du matin. Les r\u00e9unions se tiendront \u00e0 distance, une inscription pr\u00e9alable est requise, le nombre de participants est limit\u00e9.<\/span><\/td>\n<td style=\"width: 24.026%; background-color: #f7f6a1;\"><span lang=\"FR\">Suivez les informations sur la page de la litt\u00e9rature pour enfants et jeunes de la Biblioth\u00e8que nationale sur le Facebook <\/span><span lang=\"LT\">(<\/span><span lang=\"LT\"><a href=\"https:\/\/www.facebook.com\/vaikuirjaunimoliteraturosdepartamentas\">https:\/\/www.facebook.com\/vaikuirjaunimoliteraturosdepartamentas<\/a>) ou <\/span><span lang=\"FR\">sur le site internet de la Biblioth\u00e8que nationale <\/span><span lang=\"LT\">(<\/span><span lang=\"LT\"><a href=\"https:\/\/www.lnb.lt\/\">https:\/\/www.lnb.lt<\/a>).<\/span><\/p>\n<p><span lang=\"FR\">Contacts : <\/span><span lang=\"LT\"><a href=\"mailto:grupems@lnb.lt\">grupems<span lang=\"EN-US\">@lnb.lt<\/span><\/a><\/span><span lang=\"EN-US\">\u00a0<\/span><\/td>\n<\/tr>\n<tr style=\"height: 84px;\">\n<td style=\"width: 13.8004%; height: 84px; background-color: #f7f6a1;\" width=\"86\">23\/03<\/td>\n<td style=\"width: 16.6168%; height: 84px; background-color: #f7f6a1;\" width=\"70\"><\/td>\n<td style=\"width: 30.2225%; height: 84px; background-color: #f7f6a1;\" width=\"325\">Mardi de la litt\u00e9rature francophone f\u00e9minine<\/td>\n<td style=\"width: 24.026%; height: 84px; background-color: #f7f6a1;\" width=\"212\">Kauno miesto savivaldyb\u0117s Vinco Kudirkos vie\u0161oji biblioteka<br \/>\nwww.kaunas.mvb.lt<br \/>\nhttps:\/\/www.facebook.com\/KaunoMiestoBiblioteka<\/td>\n<\/tr>\n<tr style=\"height: 105px;\">\n<td style=\"width: 13.8004%; height: 105px; background-color: #f7f6a1;\" width=\"86\">23\/03<\/td>\n<td style=\"width: 16.6168%; height: 105px; background-color: #f7f6a1;\" width=\"70\">17:00<\/td>\n<td style=\"width: 30.2225%; height: 105px; background-color: #f7f6a1;\" width=\"325\">\u00ab Une histoire, un atelier\u2026 \u00bb. R\u00e9cits africains pour les enfants<\/p>\n<p>Animation en ligne pour les enfants de 4 \u00e0 9 ans via le logiciel de visioconf\u00e9rence ZOOM. En fran\u00e7ais et en lituanien.<\/td>\n<td style=\"width: 24.026%; height: 105px; background-color: #f7f6a1;\" width=\"212\">Institut fran\u00e7ais de Lituanie<\/p>\n<p>Inscription :<u> <a href=\"https:\/\/forms.gle\/AW1Ms1YQL9QkKmmN7\" data-saferedirecturl=\"https:\/\/www.google.com\/url?q=https:\/\/forms.gle\/AW1Ms1YQL9QkKmmN7&amp;source=gmail&amp;ust=1614955268676000&amp;usg=AFQjCNHOsVBxzkjtoEyi-Pb9g4VgSEOcug\">https:\/\/forms.gle\/AW1Ms1YQL9QkKmmN7<\/a><\/u><\/p>\n<p>&nbsp;<\/td>\n<\/tr>\n<tr style=\"height: 168px;\">\n<td style=\"width: 13.8004%; height: 168px; background-color: #f7f6a1;\" width=\"86\">23\/03<\/td>\n<td style=\"width: 16.6168%; height: 168px; background-color: #f7f6a1;\" width=\"70\">17:00<\/td>\n<td style=\"width: 30.2225%; height: 168px; background-color: #f7f6a1;\" width=\"325\">\u00ab \u00c9crire le \u00ab silence \u00bb : L\u2019ombre des choses \u00e0 venir de Kossi Efoui (Togo) \u00bb<\/p>\n<p>La communication de dr. Andr\u00e9e-Anne Kekeh-Dika, ma\u00eetre de conf\u00e9rence \u00e0 l\u2019Universit\u00e9 de Paris 8 Vincennes Saint-Denis<\/td>\n<td style=\"width: 24.026%; height: 168px; background-color: #f7f6a1;\" width=\"212\">VDU Frankofonijos \u0161ali\u0173 centras<br \/>\nhttps:\/\/francophonia.vdu.lt\/<br \/>\ngiedre.pranaityte@vdu.lt<\/td>\n<\/tr>\n<tr style=\"height: 147px;\">\n<td style=\"width: 13.8004%; height: 147px; background-color: #f7f6a1;\" width=\"86\">23\/03<\/td>\n<td style=\"width: 16.6168%; height: 147px; background-color: #f7f6a1;\" width=\"70\">17:30<\/td>\n<td style=\"width: 30.2225%; height: 147px; background-color: #f7f6a1;\" width=\"325\">Arts modernes au Canada<br \/>\nInvit\u00e9e sp\u00e9ciale Jos\u00e9e Drouin-Brisebois, coordinatrice de la 13e bienale de Kaunas<\/td>\n<td style=\"width: 24.026%; height: 147px; background-color: #f7f6a1;\" width=\"212\">V\u0161\u012e \u201eKauno Bienal\u0117\u201c<br \/>\nKanados ambasados biuras Lietuvoje<br \/>\nB\u016btina i\u0161ankstin\u0117 registracija :<br \/>\nwww.bienale.lt<\/td>\n<\/tr>\n<tr style=\"height: 105px;\">\n<td style=\"width: 13.8004%; height: 105px; background-color: #92dae0;\" width=\"86\">23\/03<\/td>\n<td style=\"width: 16.6168%; height: 105px; background-color: #92dae0;\" width=\"70\">18:00<\/td>\n<td style=\"width: 30.2225%; height: 105px; background-color: #92dae0;\" width=\"325\">Que lisent les Fran\u00e7ais ?<br \/>\nConf\u00e9rence par professeur Vytautas Bikul\u010dius<\/td>\n<td style=\"width: 24.026%; height: 105px; background-color: #92dae0;\" width=\"212\">Kauno miesto savivaldyb\u0117s Vinco Kudirkos vie\u0161oji biblioteka<br \/>\nhttps:\/\/www.facebook.com\/KaunoMiestoBiblioteka<\/td>\n<\/tr>\n<tr>\n<td style=\"width: 13.8004%; background-color: #f7f6a1;\">24\/03<\/td>\n<td style=\"width: 16.6168%; background-color: #f7f6a1;\">10:00<\/td>\n<td style=\"width: 30.2225%; background-color: #f7f6a1;\"><b><span lang=\"FR\">Le 24 mars \u00e0 10 h <\/span><\/b><span lang=\"FR\">il y aura une rencontre \u00e0 distance avec l\u2019artiste de livres Elena Selena,<\/span> <span lang=\"FR\">domicili\u00e9e en France. La rencontre se tiendra \u00e0 distance, une inscription pr\u00e9alable est requise, le nombre de participants est limit\u00e9.<\/span><\/td>\n<td style=\"width: 24.026%; background-color: #f7f6a1;\"><span lang=\"FR\">Suivez les informations sur la page de la litt\u00e9rature pour enfants et jeunes de la Biblioth\u00e8que nationale sur le Facebook <\/span><span lang=\"LT\">(<\/span><span lang=\"LT\"><a href=\"https:\/\/www.facebook.com\/vaikuirjaunimoliteraturosdepartamentas\">https:\/\/www.facebook.com\/vaikuirjaunimoliteraturosdepartamentas<\/a>) ou <\/span><span lang=\"FR\">sur le site internet de la Biblioth\u00e8que nationale <\/span><span lang=\"LT\">(<\/span><span lang=\"LT\"><a href=\"https:\/\/www.lnb.lt\/\">https:\/\/www.lnb.lt<\/a>).<\/span><\/p>\n<p><span lang=\"FR\">Contacts : <\/span><span lang=\"LT\"><a href=\"mailto:grupems@lnb.lt\">grupems<span lang=\"EN-US\">@lnb.lt<\/span><\/a><\/span><span lang=\"EN-US\">\u00a0<\/span><\/td>\n<\/tr>\n<tr style=\"height: 63px;\">\n<td style=\"width: 13.8004%; height: 63px; background-color: #f7f6a1;\" width=\"86\">24\/03<\/td>\n<td style=\"width: 16.6168%; height: 63px; background-color: #f7f6a1;\" width=\"70\">16:00<\/td>\n<td style=\"width: 30.2225%; height: 63px; background-color: #f7f6a1;\" width=\"325\">Bienvenue en Bourgogne !<br \/>\nCours en ligne par Liudmila Dulksnien\u0117, professeur de fran\u00e7ais \u00e0 la LSMU<\/td>\n<td style=\"width: 24.026%; height: 63px; background-color: #f7f6a1;\" width=\"212\">Kauno pedagog\u0173 kvalifikacijos centras<br \/>\nKauno pranc\u016bz\u0173 kalbos mokytojai<br \/>\nB\u016btina i\u0161ankstin\u0117 registracija: https:\/\/kpkc.lt\/seminarai\/register.php?id=4187&amp;date=5258<\/td>\n<\/tr>\n<tr style=\"height: 42px;\">\n<td style=\"width: 13.8004%; height: 42px; background-color: #f7f6a1;\" width=\"86\">25\/03<\/td>\n<td style=\"width: 16.6168%; height: 42px; background-color: #f7f6a1;\" width=\"70\">17:00<\/td>\n<td style=\"width: 30.2225%; height: 42px; background-color: #f7f6a1;\" width=\"325\">\u00ab Exp\u00e9riences de l&#8217;enfance et fragilit\u00e9 de la vie humaine dans \u00abLa promesse de l&#8217;aube\u00bb de Romain Gary\u00bb<br \/>\nLa communication de dr. Giedr\u0117 Pranaityt\u0117, coordinatrice du Centre universitaire des pays francophones de l\u2019Universit\u00e9 Vytautas Magnus.<\/td>\n<td style=\"width: 24.026%; height: 42px; background-color: #f7f6a1;\" width=\"212\">VDU Frankofonijos \u0161ali\u0173 centras<br \/>\nhttps:\/\/francophonia.vdu.lt\/<br \/>\ngiedre.pranaityte@vdu.lt<\/td>\n<\/tr>\n<tr style=\"height: 105px;\">\n<td style=\"width: 13.8004%; height: 105px; background-color: #92dae0;\" width=\"86\">25\/03<\/td>\n<td style=\"width: 16.6168%; height: 105px; background-color: #92dae0;\" width=\"70\">18:30<\/td>\n<td style=\"width: 30.2225%; height: 105px; background-color: #92dae0;\" width=\"325\">Pr\u00e9sentation du roman \u00ab Faire l\u2019amour \u00bb de Jeant-Philippe Toussaint<\/p>\n<p>Pr\u00e9sentation en ligne de la traduction en Lituanien du roman \u00ab Faire l\u2019amour \u00bb de Jeant-Philippe Toussaint (\u00e9d. \u00ab Odil\u0117 \u00bb, 2021). Participants : critique litt\u00e9raire El\u017ebieta Banyt\u0117 et traducteur, prof.dr.<br \/>\nVytautas Bikul\u010dius. En lituanien uniquement.<\/td>\n<td style=\"width: 24.026%; height: 105px; background-color: #92dae0;\" width=\"212\">Institut fran\u00e7ais de Lituanie<\/p>\n<p>Inscription\u00a0: <u><a href=\"https:\/\/forms.gle\/Lz8qdqFzCq3eD1s2A\" data-saferedirecturl=\"https:\/\/www.google.com\/url?q=https:\/\/forms.gle\/Lz8qdqFzCq3eD1s2A&amp;source=gmail&amp;ust=1614955268676000&amp;usg=AFQjCNGUDm5NHfV5rC1XaOAibYIMh1Qydg\">https:\/\/forms.gle\/Lz8qdqFzCq3eD1s2A<\/a><\/u><\/td>\n<\/tr>\n<tr style=\"height: 84px;\">\n<td style=\"width: 13.8004%; height: 84px;\" width=\"86\">25\/03<\/td>\n<td style=\"width: 16.6168%; height: 84px;\" width=\"70\">18:00<\/td>\n<td style=\"width: 30.2225%; height: 84px;\" width=\"325\">Pain, fromage et les Fran\u00e7ais : go\u00fbts et histoires<br \/>\nProgramme d\u00e9gustation<\/td>\n<td style=\"width: 24.026%; height: 84px;\" width=\"212\">B\u016btina registracija nuo kovo 1 d. iki kovo 17 d. https:\/\/www.facebook.com\/VienoPrancuzoSandeliukas<\/td>\n<\/tr>\n<tr style=\"height: 84px;\">\n<td style=\"width: 13.8004%; height: 84px; background-color: #f7f6a1;\" width=\"86\">26\/03<\/td>\n<td style=\"width: 16.6168%; height: 84px; background-color: #f7f6a1;\" width=\"70\">12:00<\/td>\n<td style=\"width: 30.2225%; height: 84px; background-color: #f7f6a1;\" width=\"325\">Conf\u00e9rence nationale des \u00e9l\u00e8ves des classes de la Qualit\u00e9 Francophone<br \/>\n\u201c\u00c0 travers les f\u00eates et les traditions, on d\u00e9couvre l&#8217;amiti\u00e9\u201d<\/td>\n<td style=\"width: 24.026%; height: 84px; background-color: #f7f6a1;\" width=\"212\">Donata Vai\u010diulien\u0117<br \/>\ndonata.vaiciuliene@basanaviciausprogimnazija.lt<\/td>\n<\/tr>\n<tr style=\"height: 105px;\">\n<td style=\"width: 13.8004%; height: 105px; background-color: #f7f6a1;\" width=\"86\">26\/03<\/td>\n<td style=\"width: 16.6168%; height: 105px; background-color: #f7f6a1;\" width=\"70\">15:00<\/td>\n<td style=\"width: 30.2225%; height: 105px; background-color: #f7f6a1;\" width=\"325\">Webinaire du cycle 40 minutes \u00e0 la fran\u00e7aise<br \/>\n\u00ab \u00c0 la d\u00e9couverte de la peinture fran\u00e7aise \u00bb<br \/>\n\u00e0 distance pour les professeurs<\/td>\n<td style=\"width: 24.026%; height: 105px; background-color: #f7f6a1;\" width=\"212\">Association des professeurs de fran\u00e7ais de Lituanie<br \/>\nhttps:\/\/zoom.us\/j\/4175247639<br \/>\nvitalija.kazlauskiene@yahoo.com<\/td>\n<\/tr>\n<tr>\n<td style=\"width: 13.8004%;\">26\/03<\/td>\n<td style=\"width: 16.6168%;\">19:00<\/td>\n<td style=\"width: 30.2225%;\">\u00ab Regards sur le cin\u00e9ma fran\u00e7ais d\u2019aujourd\u2019hui \u00bb de M. Thomas Buffin, le Directeur de l\u2019Institut fran\u00e7ais de Lituanie.<br \/>\nR\u00e9trospective d\u2019un film fran\u00e7ais \u00ab La Belle \u00c9poque \u00bb de Nicolas Bedos (2019).<\/td>\n<td style=\"width: 24.026%;\">VDU Frankofonijos \u0161ali\u0173 centras ir Kauno kino centras \u201eRomuva\u201c giedre.pranaityte@vdu.lt<\/td>\n<\/tr>\n<tr style=\"height: 42px;\">\n<td style=\"width: 13.8004%; height: 42px;\" width=\"86\">27\/03<\/td>\n<td style=\"width: 16.6168%; height: 42px;\" width=\"70\">15:00<\/td>\n<td style=\"width: 30.2225%; height: 42px;\" width=\"325\">Cours de fran\u00e7ais par les professeurs de fran\u00e7ais Pierre Henri Pache et Gintar\u0117 Baciu\u0161kien\u0117<\/td>\n<td style=\"width: 24.026%; height: 42px;\" width=\"212\">Association des professeurs de fran\u00e7ais de Lituanie<br \/>\ngsagatauskaite@gmail.com<br \/>\nphpache@gmail.com<\/td>\n<\/tr>\n<tr style=\"height: 105px;\">\n<td style=\"background-color: #ebf0b9; width: 13.8004%; height: 105px;\" width=\"86\">29\/03<\/td>\n<td style=\"background-color: #ebf0b9; width: 16.6168%; height: 105px;\" width=\"70\">18:00<\/td>\n<td style=\"background-color: #ebf0b9; width: 30.2225%; height: 105px;\" width=\"325\">Cl\u00f4ture du Colloque International intitul\u00e9 \u00ab Culture et politique dans le monde francophone \u00bb<\/p>\n<p>Pr\u00e9sentation et r\u00e9trospective d\u2019un film canadien \u00ab Antigone \u00bb de Sophie Deraspe (2019)<\/td>\n<td style=\"background-color: #ebf0b9; width: 24.026%; height: 105px;\" width=\"212\">VDU Frankofonijos \u0161ali\u0173 centras ir Kanados ambasados biuras Lietuvoje<br \/>\nvilnius@canada.lt<\/td>\n<\/tr>\n<tr style=\"height: 63px;\">\n<td style=\"width: 13.8004%; height: 63px; background-color: #f7f6a1;\" width=\"86\">30\/03<\/td>\n<td style=\"width: 16.6168%; height: 63px; background-color: #f7f6a1;\" width=\"70\">14:00<\/td>\n<td style=\"width: 30.2225%; height: 63px; background-color: #f7f6a1;\" width=\"325\">Conf\u00e9rence nationale des \u00e9coles de la Qualit\u00e9 Francophone : &#8220;Enseignement francophone de qualit\u00e9 et la r\u00e9alit\u00e9 virtuelle&#8221;<\/td>\n<td style=\"width: 24.026%; height: 63px; background-color: #f7f6a1;\" width=\"212\">Kauno Jurgio Dobkevi\u010diaus progimnazija<br \/>\nPranc\u016bz\u0173 institutas Lietuvoje<br \/>\nKauno pedagog\u0173 kvalifikacijos centras<br \/>\nrenginiai@dobkevicius.lt<\/td>\n<\/tr>\n<tr style=\"height: 63px;\">\n<td style=\"width: 13.8004%; height: 63px; background-color: #92dae0;\" width=\"86\">30\/03<\/td>\n<td style=\"width: 16.6168%; height: 63px; background-color: #92dae0;\" width=\"70\">14:30<\/td>\n<td style=\"width: 30.2225%; height: 63px; background-color: #92dae0;\" width=\"325\">\u00abTraduire c&#8217;est dire \u00e0 peu pr\u00e8s la m\u00eame chose\u00bb<br \/>\nS\u00e9minaire de la traduction en ligne pour les \u00e9coliers des \u00e9coles secondaires de Lituanie. Anim\u00e9 par Mme Aurelija Leonavi\u010dien\u0117, professeur, docteur des sciences humaines de l\u2019Universit\u00e9 Vytautas Magnus<\/td>\n<td style=\"width: 24.026%; height: 63px; background-color: #92dae0;\" width=\"212\">B\u016btina i\u0161ankstin\u0117 registracija:<br \/>\naurelija.leonaviciene@vdu.lt.<br \/>\nVDU Frankofonijos \u0161ali\u0173 centras<\/td>\n<\/tr>\n<tr style=\"height: 126px;\">\n<td style=\"width: 13.8004%; height: 126px; background-color: #f7f6a1;\" width=\"86\">30\/03<\/td>\n<td style=\"width: 16.6168%; height: 126px; background-color: #f7f6a1;\" width=\"70\">15:00<\/td>\n<td style=\"width: 30.2225%; height: 126px; background-color: #f7f6a1;\" width=\"325\">QUIZZ lyc\u00e9en en ligen &#8221; La Francophonie et nous&#8221;<\/td>\n<td style=\"width: 24.026%; height: 126px; background-color: #f7f6a1;\" width=\"212\">Danut\u0117 Stankaitien\u0117<br \/>\nstadaka@gmail.com<\/td>\n<\/tr>\n<tr style=\"height: 126px;\">\n<td style=\"width: 13.8004%; height: 126px; background-color: #f7f6a1;\" width=\"86\">30\/03<\/td>\n<td style=\"width: 16.6168%; height: 126px; background-color: #f7f6a1;\" width=\"70\"><\/td>\n<td style=\"width: 30.2225%; height: 126px; background-color: #f7f6a1;\" width=\"325\">Mardi de la litt\u00e9rature francophone f\u00e9minine<\/td>\n<td style=\"width: 24.026%; height: 126px; background-color: #f7f6a1;\" width=\"212\">Kauno miesto savivaldyb\u0117s Vinco Kudirkos vie\u0161oji biblioteka<br \/>\nwww.kaunas.mvb.lt<br \/>\nhttps:\/\/www.facebook.com\/KaunoMiestoBiblioteka<\/td>\n<\/tr>\n<tr>\n<td style=\"width: 13.8004%; background-color: #f7f6a1;\">31\/03<\/td>\n<td style=\"width: 16.6168%; background-color: #f7f6a1;\"><\/td>\n<td style=\"width: 30.2225%; background-color: #f7f6a1;\">Bienvenue en Bourgogne !<br \/>\nCours en ligne par Liudmila Dulksnien\u0117, professeur de fran\u00e7ais \u00e0 la LSMU<\/td>\n<td style=\"width: 24.026%; background-color: #f7f6a1;\">Kauno pedagog\u0173 kvalifikacijos centras<br \/>\nKauno pranc\u016bz\u0173 kalbos mokytojai<br \/>\nB\u016btina i\u0161ankstin\u0117 registracija: https:\/\/kpkc.lt\/seminarai\/register.php?id=4187&amp;date=5258<\/td>\n<\/tr>\n<\/tbody>\n<\/table>\n<\/div>\n<p>[\/vc_column_text][\/vc_column][\/vc_row]<\/p>\n<\/div>","protected":false},"excerpt":{"rendered":"[vc_row][vc_column][vc_message icon_fontawesome=\"fa fa-bullhorn\"]Tous les \u00e9v\u00e9nements de la Francophonie 2021 seront en ligne.\u00a0 Des mises \u00e0&hellip;","protected":false},"author":2,"featured_media":6918,"parent":0,"menu_order":0,"comment_status":"closed","ping_status":"closed","template":"page-sidebar.php","meta":{"footnotes":""},"class_list":["post-2758","page","type-page","status-publish","has-post-thumbnail","hentry"],"yoast_head":"<!-- This site is optimized with the Yoast SEO plugin v23.2 - https:\/\/yoast.com\/wordpress\/plugins\/seo\/ -->\n<title>Francophonie 2021 - IF Lituanie<\/title>\n<meta name=\"robots\" content=\"index, follow, max-snippet:-1, max-image-preview:large, max-video-preview:-1\" \/>\n<link rel=\"canonical\" href=\"https:\/\/www.institutfrancais-lituanie.com\/fr\/francophonie\/\" \/>\n<meta property=\"og:locale\" content=\"fr_FR\" \/>\n<meta property=\"og:type\" content=\"article\" \/>\n<meta property=\"og:title\" content=\"Francophonie 2021 - IF Lituanie\" \/>\n<meta property=\"og:url\" content=\"https:\/\/www.institutfrancais-lituanie.com\/fr\/francophonie\/\" \/>\n<meta property=\"og:site_name\" content=\"IF Lituanie\" \/>\n<meta property=\"article:publisher\" content=\"https:\/\/www.facebook.com\/prancuzuinstitutas\/\" \/>\n<meta property=\"article:modified_time\" content=\"2022-02-04T13:16:33+00:00\" \/>\n<meta property=\"og:image\" content=\"https:\/\/www.institutfrancais-lituanie.com\/wp-content\/uploads\/2021\/02\/logo-francophonie-2021.jpg\" \/>\n\t<meta property=\"og:image:width\" content=\"1000\" \/>\n\t<meta property=\"og:image:height\" content=\"505\" \/>\n\t<meta property=\"og:image:type\" content=\"image\/jpeg\" \/>\n<meta name=\"twitter:card\" content=\"summary_large_image\" \/>\n<meta name=\"twitter:label1\" content=\"Est. reading time\" \/>\n\t<meta name=\"twitter:data1\" content=\"13 minutes\" \/>\n<script type=\"application\/ld+json\" class=\"yoast-schema-graph\">{\"@context\":\"https:\/\/schema.org\",\"@graph\":[{\"@type\":\"WebPage\",\"@id\":\"https:\/\/www.institutfrancais-lituanie.com\/fr\/francophonie\/\",\"url\":\"https:\/\/www.institutfrancais-lituanie.com\/fr\/francophonie\/\",\"name\":\"Francophonie 2021 - IF Lituanie\",\"isPartOf\":{\"@id\":\"https:\/\/www.institutfrancais-lituanie.com\/fr\/#website\"},\"primaryImageOfPage\":{\"@id\":\"https:\/\/www.institutfrancais-lituanie.com\/fr\/francophonie\/#primaryimage\"},\"image\":{\"@id\":\"https:\/\/www.institutfrancais-lituanie.com\/fr\/francophonie\/#primaryimage\"},\"thumbnailUrl\":\"https:\/\/www.institutfrancais-lituanie.com\/wp-content\/uploads\/2021\/02\/logo-francophonie-2021.jpg\",\"datePublished\":\"2019-01-08T13:07:00+00:00\",\"dateModified\":\"2022-02-04T13:16:33+00:00\",\"breadcrumb\":{\"@id\":\"https:\/\/www.institutfrancais-lituanie.com\/fr\/francophonie\/#breadcrumb\"},\"inLanguage\":\"fr-FR\",\"potentialAction\":[{\"@type\":\"ReadAction\",\"target\":[\"https:\/\/www.institutfrancais-lituanie.com\/fr\/francophonie\/\"]}]},{\"@type\":\"ImageObject\",\"inLanguage\":\"fr-FR\",\"@id\":\"https:\/\/www.institutfrancais-lituanie.com\/fr\/francophonie\/#primaryimage\",\"url\":\"https:\/\/www.institutfrancais-lituanie.com\/wp-content\/uploads\/2021\/02\/logo-francophonie-2021.jpg\",\"contentUrl\":\"https:\/\/www.institutfrancais-lituanie.com\/wp-content\/uploads\/2021\/02\/logo-francophonie-2021.jpg\",\"width\":1000,\"height\":505},{\"@type\":\"BreadcrumbList\",\"@id\":\"https:\/\/www.institutfrancais-lituanie.com\/fr\/francophonie\/#breadcrumb\",\"itemListElement\":[{\"@type\":\"ListItem\",\"position\":1,\"name\":\"Home\",\"item\":\"https:\/\/www.institutfrancais-lituanie.com\/fr\/\"},{\"@type\":\"ListItem\",\"position\":2,\"name\":\"Francophonie 2021\"}]},{\"@type\":\"WebSite\",\"@id\":\"https:\/\/www.institutfrancais-lituanie.com\/fr\/#website\",\"url\":\"https:\/\/www.institutfrancais-lituanie.com\/fr\/\",\"name\":\"IF Lituanie\",\"description\":\"Pranc\u016bz\u0173 kalbos kursai, kult\u016bra, mediateka...\",\"publisher\":{\"@id\":\"https:\/\/www.institutfrancais-lituanie.com\/fr\/#organization\"},\"potentialAction\":[{\"@type\":\"SearchAction\",\"target\":{\"@type\":\"EntryPoint\",\"urlTemplate\":\"https:\/\/www.institutfrancais-lituanie.com\/fr\/?s={search_term_string}\"},\"query-input\":\"required name=search_term_string\"}],\"inLanguage\":\"fr-FR\"},{\"@type\":\"Organization\",\"@id\":\"https:\/\/www.institutfrancais-lituanie.com\/fr\/#organization\",\"name\":\"Pranc\u016bz\u0173 institutas\",\"url\":\"https:\/\/www.institutfrancais-lituanie.com\/fr\/\",\"logo\":{\"@type\":\"ImageObject\",\"inLanguage\":\"fr-FR\",\"@id\":\"https:\/\/www.institutfrancais-lituanie.com\/fr\/#\/schema\/logo\/image\/\",\"url\":\"https:\/\/www.institutfrancais-lituanie.com\/wp-content\/uploads\/2023\/04\/IF_Logo-Lituanie-RVB.jpg\",\"contentUrl\":\"https:\/\/www.institutfrancais-lituanie.com\/wp-content\/uploads\/2023\/04\/IF_Logo-Lituanie-RVB.jpg\",\"width\":827,\"height\":555,\"caption\":\"Pranc\u016bz\u0173 institutas\"},\"image\":{\"@id\":\"https:\/\/www.institutfrancais-lituanie.com\/fr\/#\/schema\/logo\/image\/\"},\"sameAs\":[\"https:\/\/www.facebook.com\/prancuzuinstitutas\/\",\"https:\/\/www.instagram.com\/institut_francais_lituanie\/\"]}]}<\/script>\n<!-- \/ Yoast SEO plugin. -->","yoast_head_json":{"title":"Francophonie 2021 - IF Lituanie","robots":{"index":"index","follow":"follow","max-snippet":"max-snippet:-1","max-image-preview":"max-image-preview:large","max-video-preview":"max-video-preview:-1"},"canonical":"https:\/\/www.institutfrancais-lituanie.com\/fr\/francophonie\/","og_locale":"fr_FR","og_type":"article","og_title":"Francophonie 2021 - IF Lituanie","og_url":"https:\/\/www.institutfrancais-lituanie.com\/fr\/francophonie\/","og_site_name":"IF Lituanie","article_publisher":"https:\/\/www.facebook.com\/prancuzuinstitutas\/","article_modified_time":"2022-02-04T13:16:33+00:00","og_image":[{"width":1000,"height":505,"url":"https:\/\/www.institutfrancais-lituanie.com\/wp-content\/uploads\/2021\/02\/logo-francophonie-2021.jpg","type":"image\/jpeg"}],"twitter_card":"summary_large_image","twitter_misc":{"Est. reading time":"13 minutes"},"schema":{"@context":"https:\/\/schema.org","@graph":[{"@type":"WebPage","@id":"https:\/\/www.institutfrancais-lituanie.com\/fr\/francophonie\/","url":"https:\/\/www.institutfrancais-lituanie.com\/fr\/francophonie\/","name":"Francophonie 2021 - IF Lituanie","isPartOf":{"@id":"https:\/\/www.institutfrancais-lituanie.com\/fr\/#website"},"primaryImageOfPage":{"@id":"https:\/\/www.institutfrancais-lituanie.com\/fr\/francophonie\/#primaryimage"},"image":{"@id":"https:\/\/www.institutfrancais-lituanie.com\/fr\/francophonie\/#primaryimage"},"thumbnailUrl":"https:\/\/www.institutfrancais-lituanie.com\/wp-content\/uploads\/2021\/02\/logo-francophonie-2021.jpg","datePublished":"2019-01-08T13:07:00+00:00","dateModified":"2022-02-04T13:16:33+00:00","breadcrumb":{"@id":"https:\/\/www.institutfrancais-lituanie.com\/fr\/francophonie\/#breadcrumb"},"inLanguage":"fr-FR","potentialAction":[{"@type":"ReadAction","target":["https:\/\/www.institutfrancais-lituanie.com\/fr\/francophonie\/"]}]},{"@type":"ImageObject","inLanguage":"fr-FR","@id":"https:\/\/www.institutfrancais-lituanie.com\/fr\/francophonie\/#primaryimage","url":"https:\/\/www.institutfrancais-lituanie.com\/wp-content\/uploads\/2021\/02\/logo-francophonie-2021.jpg","contentUrl":"https:\/\/www.institutfrancais-lituanie.com\/wp-content\/uploads\/2021\/02\/logo-francophonie-2021.jpg","width":1000,"height":505},{"@type":"BreadcrumbList","@id":"https:\/\/www.institutfrancais-lituanie.com\/fr\/francophonie\/#breadcrumb","itemListElement":[{"@type":"ListItem","position":1,"name":"Home","item":"https:\/\/www.institutfrancais-lituanie.com\/fr\/"},{"@type":"ListItem","position":2,"name":"Francophonie 2021"}]},{"@type":"WebSite","@id":"https:\/\/www.institutfrancais-lituanie.com\/fr\/#website","url":"https:\/\/www.institutfrancais-lituanie.com\/fr\/","name":"IF Lituanie","description":"Pranc\u016bz\u0173 kalbos kursai, kult\u016bra, mediateka...","publisher":{"@id":"https:\/\/www.institutfrancais-lituanie.com\/fr\/#organization"},"potentialAction":[{"@type":"SearchAction","target":{"@type":"EntryPoint","urlTemplate":"https:\/\/www.institutfrancais-lituanie.com\/fr\/?s={search_term_string}"},"query-input":"required name=search_term_string"}],"inLanguage":"fr-FR"},{"@type":"Organization","@id":"https:\/\/www.institutfrancais-lituanie.com\/fr\/#organization","name":"Pranc\u016bz\u0173 institutas","url":"https:\/\/www.institutfrancais-lituanie.com\/fr\/","logo":{"@type":"ImageObject","inLanguage":"fr-FR","@id":"https:\/\/www.institutfrancais-lituanie.com\/fr\/#\/schema\/logo\/image\/","url":"https:\/\/www.institutfrancais-lituanie.com\/wp-content\/uploads\/2023\/04\/IF_Logo-Lituanie-RVB.jpg","contentUrl":"https:\/\/www.institutfrancais-lituanie.com\/wp-content\/uploads\/2023\/04\/IF_Logo-Lituanie-RVB.jpg","width":827,"height":555,"caption":"Pranc\u016bz\u0173 institutas"},"image":{"@id":"https:\/\/www.institutfrancais-lituanie.com\/fr\/#\/schema\/logo\/image\/"},"sameAs":["https:\/\/www.facebook.com\/prancuzuinstitutas\/","https:\/\/www.instagram.com\/institut_francais_lituanie\/"]}]}},"_links":{"self":[{"href":"https:\/\/www.institutfrancais-lituanie.com\/fr\/wp-json\/wp\/v2\/pages\/2758"}],"collection":[{"href":"https:\/\/www.institutfrancais-lituanie.com\/fr\/wp-json\/wp\/v2\/pages"}],"about":[{"href":"https:\/\/www.institutfrancais-lituanie.com\/fr\/wp-json\/wp\/v2\/types\/page"}],"author":[{"embeddable":true,"href":"https:\/\/www.institutfrancais-lituanie.com\/fr\/wp-json\/wp\/v2\/users\/2"}],"replies":[{"embeddable":true,"href":"https:\/\/www.institutfrancais-lituanie.com\/fr\/wp-json\/wp\/v2\/comments?post=2758"}],"version-history":[{"count":44,"href":"https:\/\/www.institutfrancais-lituanie.com\/fr\/wp-json\/wp\/v2\/pages\/2758\/revisions"}],"predecessor-version":[{"id":10209,"href":"https:\/\/www.institutfrancais-lituanie.com\/fr\/wp-json\/wp\/v2\/pages\/2758\/revisions\/10209"}],"wp:featuredmedia":[{"embeddable":true,"href":"https:\/\/www.institutfrancais-lituanie.com\/fr\/wp-json\/wp\/v2\/media\/6918"}],"wp:attachment":[{"href":"https:\/\/www.institutfrancais-lituanie.com\/fr\/wp-json\/wp\/v2\/media?parent=2758"}],"curies":[{"name":"wp","href":"https:\/\/api.w.org\/{rel}","templated":true}]}}