{"id":2007,"date":"2018-12-04T15:16:37","date_gmt":"2018-12-04T15:16:37","guid":{"rendered":"http:\/\/institutfrancais-lituanie.com\/?page_id=2007"},"modified":"2026-04-13T13:54:39","modified_gmt":"2026-04-13T13:54:39","slug":"equipe","status":"publish","type":"page","link":"https:\/\/www.institutfrancais-lituanie.com\/fr\/linstitut\/equipe\/","title":{"rendered":"Equipe"},"content":{"rendered":"<div class=\"wpb-content-wrapper\"><p>[vc_row][vc_column][vc_column_text css=&#8221;&#8221;]<span style=\"color: #008ac9; font-size: 12pt;\"><strong>Equipe de l&#8217;Institut fran\u00e7ais de Lituanie<\/strong><\/span><\/p>\n<hr \/>\n<p><strong>Direction<\/strong><\/p>\n<p>Pascal Sliwanski<br \/>\n<strong>Directeur<\/strong><br \/>\npascal.sliwanski@diplomatie.gouv.fr<br \/>\nT\u00e9l : +370 5 219 96 31<\/p>\n<p>C\u00e9dric Monnier<br \/>\n<strong>Secr\u00e9taire g\u00e9n\u00e9ral<br \/>\n<\/strong>cedric.monnier@diplomatie.gouv.fr<br \/>\nT\u00e9l : +370\u00a06 30\u00a0200 60<\/p>\n<p>Viktorija Jurkevic-Chiaese<br \/>\n<strong>Assistante du directeur de l\u2019Institut<\/strong><br \/>\nviktorija.jurkevic-chiaese@diplomatie.gouv.fr<br \/>\nT\u00e9l. : + 370 6 530 66 20<\/p>\n<p>Cl\u00e9mence Viaud<br \/>\n<strong>Attach\u00e9e culturelle<br \/>\n<\/strong><span class=\"cf0\">clemence.viaud@diplomatie.gouv.fr<\/span><strong><br \/>\n<\/strong>T : +370 5 219 96 45<\/p>\n<p>Coralie Krener<br \/>\n<strong>Attach\u00e9e de coop\u00e9ration pour le fran\u00e7ais<br \/>\n<\/strong>coralie.krener@diplomatie.gouv.fr<br \/>\nT\u00e9l. :\u00a0 +370 5 219 96 33 \/ +370 6 99 35 624<\/p>\n<p>Dovil\u0117 Butkien\u0117<strong><br \/>\nCharg\u00e9 de marketing et de la vente<\/strong><br \/>\ndovile.butkiene@institutfrancais-lituanie.com<\/p>\n<p>Julija Petro\u0161i\u016bt\u0117<strong><br \/>\nCharg\u00e9 de communication<\/strong><br \/>\njulija.petrosiute@institutfrancais-lituanie.com<\/p>\n<p><strong>Espace Campus France<\/strong><br \/>\nBourses, stages en France<\/p>\n<p>Viktorija Jurkevic-Chiaese<br \/>\nviktorija.jurkevic-chiaese@institutfrancais-lituanie.com<br \/>\nT\u00e9l. :\u00a0 +3706865306620<\/p>\n<p><strong>Coop\u00e9ration linguistique et \u00e9ducative<\/strong><\/p>\n<p>Olga Paleckien<span lang=\"LT\">\u0117<\/span><br aria-hidden=\"true\" \/><strong>Charg\u00e9e de mission pour l&#8217;action \u00e9ducative et linguistique<\/strong><br aria-hidden=\"true\" \/>olga.paleckiene@institutfrancais-lituanie.com<br aria-hidden=\"true\" \/>Tel.: +370 6 900 11 45<\/p>\n<p><strong>Cours de langue<br \/>\n<\/strong>cours.vilnius@gmail.com<br \/>\ntel. +370 5 219 96 55, +370 5 219 96 54<\/p>\n<p>Meda Zabala<br \/>\n<strong>Responsable des cours et des certifications<\/strong><br \/>\nmeda.zabala@institutfrancais-lituanie.com<br \/>\n+370 5 219 9654<\/p>\n<p><strong>M\u00e9diath\u00e8que<\/strong><br \/>\nT\u00e9l. : +370 5 219 96 57<br \/>\nbiblio@institutfrancais-lituanie.com<\/p>\n<p><strong>Charg\u00e9 du livre et de la M\u00e9diath\u00e8que<\/strong><\/p>\n<p>Agn\u0117 Jud\u017eentyt\u0117-\u017dalguvien\u0117<br \/>\nagne.judzentyte@institutfrancais-lituanie.com<\/p>\n<p><strong>Coop\u00e9ration artistique et culturelle<\/strong><br \/>\nRamun\u0117 Vrubliauskien\u0117<br \/>\nAssistante<br \/>\nRamune.Vrubliauskiene@diplomatie.gouv.fr<br \/>\nT\u00e9l. : +370 (5) 219 96 34<\/p>\n<p><strong>Comptabilit\u00e9<\/strong><\/p>\n<p>Melina \u017dilinskaja<br \/>\nSecr\u00e9taire-comptable<br \/>\nadmin@institutfrancais-lituanie.com<\/p>\n<p><strong>Accueil de l\u2019Institut<br \/>\n<\/strong>accueil@institutfrancais-lituanie.com<br \/>\nT\u00e9l. : +370 5 219 96 96<\/p>\n<p><strong>Personnel de service<\/strong><\/p>\n<div class=\"texte crayon rubrique-texte-12 \">\n<p>Beata Jolanta Lavrukaitis<br \/>\nStanislav Subotovi\u010d<\/p>\n<\/div>\n<p>[\/vc_column_text][\/vc_column][\/vc_row]<\/p>\n<\/div>","protected":false},"excerpt":{"rendered":"[vc_row][vc_column][vc_column_text css=\"\"]Equipe de l'Institut fran\u00e7ais de Lituanie Direction Pascal Sliwanski Directeur pascal.sliwanski@diplomatie.gouv.fr T\u00e9l : +370&hellip;","protected":false},"author":2,"featured_media":0,"parent":2005,"menu_order":0,"comment_status":"closed","ping_status":"closed","template":"page-sidebar.php","meta":{"footnotes":""},"class_list":["post-2007","page","type-page","status-publish","hentry"],"yoast_head":"<!-- This site is optimized with the Yoast SEO plugin v23.2 - https:\/\/yoast.com\/wordpress\/plugins\/seo\/ -->\n<title>Equipe - IF Lituanie<\/title>\n<meta name=\"robots\" content=\"index, follow, max-snippet:-1, max-image-preview:large, max-video-preview:-1\" \/>\n<link rel=\"canonical\" href=\"https:\/\/www.institutfrancais-lituanie.com\/fr\/linstitut\/equipe\/\" \/>\n<meta property=\"og:locale\" content=\"fr_FR\" \/>\n<meta property=\"og:type\" content=\"article\" \/>\n<meta property=\"og:title\" content=\"Equipe - IF Lituanie\" \/>\n<meta property=\"og:url\" content=\"https:\/\/www.institutfrancais-lituanie.com\/fr\/linstitut\/equipe\/\" \/>\n<meta property=\"og:site_name\" content=\"IF Lituanie\" \/>\n<meta property=\"article:publisher\" content=\"https:\/\/www.facebook.com\/prancuzuinstitutas\/\" \/>\n<meta property=\"article:modified_time\" content=\"2026-04-13T13:54:39+00:00\" \/>\n<meta name=\"twitter:card\" content=\"summary_large_image\" \/>\n<meta name=\"twitter:label1\" content=\"Est. reading time\" \/>\n\t<meta name=\"twitter:data1\" content=\"2 minutes\" \/>\n<script type=\"application\/ld+json\" class=\"yoast-schema-graph\">{\"@context\":\"https:\/\/schema.org\",\"@graph\":[{\"@type\":\"WebPage\",\"@id\":\"https:\/\/www.institutfrancais-lituanie.com\/fr\/linstitut\/equipe\/\",\"url\":\"https:\/\/www.institutfrancais-lituanie.com\/fr\/linstitut\/equipe\/\",\"name\":\"Equipe - IF Lituanie\",\"isPartOf\":{\"@id\":\"https:\/\/www.institutfrancais-lituanie.com\/fr\/#website\"},\"datePublished\":\"2018-12-04T15:16:37+00:00\",\"dateModified\":\"2026-04-13T13:54:39+00:00\",\"breadcrumb\":{\"@id\":\"https:\/\/www.institutfrancais-lituanie.com\/fr\/linstitut\/equipe\/#breadcrumb\"},\"inLanguage\":\"fr-FR\",\"potentialAction\":[{\"@type\":\"ReadAction\",\"target\":[\"https:\/\/www.institutfrancais-lituanie.com\/fr\/linstitut\/equipe\/\"]}]},{\"@type\":\"BreadcrumbList\",\"@id\":\"https:\/\/www.institutfrancais-lituanie.com\/fr\/linstitut\/equipe\/#breadcrumb\",\"itemListElement\":[{\"@type\":\"ListItem\",\"position\":1,\"name\":\"Home\",\"item\":\"https:\/\/www.institutfrancais-lituanie.com\/fr\/\"},{\"@type\":\"ListItem\",\"position\":2,\"name\":\"L&#8217;Institut\",\"item\":\"https:\/\/www.institutfrancais-lituanie.com\/fr\/linstitut\/\"},{\"@type\":\"ListItem\",\"position\":3,\"name\":\"Equipe\"}]},{\"@type\":\"WebSite\",\"@id\":\"https:\/\/www.institutfrancais-lituanie.com\/fr\/#website\",\"url\":\"https:\/\/www.institutfrancais-lituanie.com\/fr\/\",\"name\":\"IF Lituanie\",\"description\":\"Pranc\u016bz\u0173 kalbos kursai, kult\u016bra, mediateka...\",\"publisher\":{\"@id\":\"https:\/\/www.institutfrancais-lituanie.com\/fr\/#organization\"},\"potentialAction\":[{\"@type\":\"SearchAction\",\"target\":{\"@type\":\"EntryPoint\",\"urlTemplate\":\"https:\/\/www.institutfrancais-lituanie.com\/fr\/?s={search_term_string}\"},\"query-input\":\"required name=search_term_string\"}],\"inLanguage\":\"fr-FR\"},{\"@type\":\"Organization\",\"@id\":\"https:\/\/www.institutfrancais-lituanie.com\/fr\/#organization\",\"name\":\"Pranc\u016bz\u0173 institutas\",\"url\":\"https:\/\/www.institutfrancais-lituanie.com\/fr\/\",\"logo\":{\"@type\":\"ImageObject\",\"inLanguage\":\"fr-FR\",\"@id\":\"https:\/\/www.institutfrancais-lituanie.com\/fr\/#\/schema\/logo\/image\/\",\"url\":\"https:\/\/www.institutfrancais-lituanie.com\/wp-content\/uploads\/2023\/04\/IF_Logo-Lituanie-RVB.jpg\",\"contentUrl\":\"https:\/\/www.institutfrancais-lituanie.com\/wp-content\/uploads\/2023\/04\/IF_Logo-Lituanie-RVB.jpg\",\"width\":827,\"height\":555,\"caption\":\"Pranc\u016bz\u0173 institutas\"},\"image\":{\"@id\":\"https:\/\/www.institutfrancais-lituanie.com\/fr\/#\/schema\/logo\/image\/\"},\"sameAs\":[\"https:\/\/www.facebook.com\/prancuzuinstitutas\/\",\"https:\/\/www.instagram.com\/institut_francais_lituanie\/\"]}]}<\/script>\n<!-- \/ Yoast SEO plugin. -->","yoast_head_json":{"title":"Equipe - IF Lituanie","robots":{"index":"index","follow":"follow","max-snippet":"max-snippet:-1","max-image-preview":"max-image-preview:large","max-video-preview":"max-video-preview:-1"},"canonical":"https:\/\/www.institutfrancais-lituanie.com\/fr\/linstitut\/equipe\/","og_locale":"fr_FR","og_type":"article","og_title":"Equipe - IF Lituanie","og_url":"https:\/\/www.institutfrancais-lituanie.com\/fr\/linstitut\/equipe\/","og_site_name":"IF Lituanie","article_publisher":"https:\/\/www.facebook.com\/prancuzuinstitutas\/","article_modified_time":"2026-04-13T13:54:39+00:00","twitter_card":"summary_large_image","twitter_misc":{"Est. reading time":"2 minutes"},"schema":{"@context":"https:\/\/schema.org","@graph":[{"@type":"WebPage","@id":"https:\/\/www.institutfrancais-lituanie.com\/fr\/linstitut\/equipe\/","url":"https:\/\/www.institutfrancais-lituanie.com\/fr\/linstitut\/equipe\/","name":"Equipe - IF Lituanie","isPartOf":{"@id":"https:\/\/www.institutfrancais-lituanie.com\/fr\/#website"},"datePublished":"2018-12-04T15:16:37+00:00","dateModified":"2026-04-13T13:54:39+00:00","breadcrumb":{"@id":"https:\/\/www.institutfrancais-lituanie.com\/fr\/linstitut\/equipe\/#breadcrumb"},"inLanguage":"fr-FR","potentialAction":[{"@type":"ReadAction","target":["https:\/\/www.institutfrancais-lituanie.com\/fr\/linstitut\/equipe\/"]}]},{"@type":"BreadcrumbList","@id":"https:\/\/www.institutfrancais-lituanie.com\/fr\/linstitut\/equipe\/#breadcrumb","itemListElement":[{"@type":"ListItem","position":1,"name":"Home","item":"https:\/\/www.institutfrancais-lituanie.com\/fr\/"},{"@type":"ListItem","position":2,"name":"L&#8217;Institut","item":"https:\/\/www.institutfrancais-lituanie.com\/fr\/linstitut\/"},{"@type":"ListItem","position":3,"name":"Equipe"}]},{"@type":"WebSite","@id":"https:\/\/www.institutfrancais-lituanie.com\/fr\/#website","url":"https:\/\/www.institutfrancais-lituanie.com\/fr\/","name":"IF Lituanie","description":"Pranc\u016bz\u0173 kalbos kursai, kult\u016bra, mediateka...","publisher":{"@id":"https:\/\/www.institutfrancais-lituanie.com\/fr\/#organization"},"potentialAction":[{"@type":"SearchAction","target":{"@type":"EntryPoint","urlTemplate":"https:\/\/www.institutfrancais-lituanie.com\/fr\/?s={search_term_string}"},"query-input":"required name=search_term_string"}],"inLanguage":"fr-FR"},{"@type":"Organization","@id":"https:\/\/www.institutfrancais-lituanie.com\/fr\/#organization","name":"Pranc\u016bz\u0173 institutas","url":"https:\/\/www.institutfrancais-lituanie.com\/fr\/","logo":{"@type":"ImageObject","inLanguage":"fr-FR","@id":"https:\/\/www.institutfrancais-lituanie.com\/fr\/#\/schema\/logo\/image\/","url":"https:\/\/www.institutfrancais-lituanie.com\/wp-content\/uploads\/2023\/04\/IF_Logo-Lituanie-RVB.jpg","contentUrl":"https:\/\/www.institutfrancais-lituanie.com\/wp-content\/uploads\/2023\/04\/IF_Logo-Lituanie-RVB.jpg","width":827,"height":555,"caption":"Pranc\u016bz\u0173 institutas"},"image":{"@id":"https:\/\/www.institutfrancais-lituanie.com\/fr\/#\/schema\/logo\/image\/"},"sameAs":["https:\/\/www.facebook.com\/prancuzuinstitutas\/","https:\/\/www.instagram.com\/institut_francais_lituanie\/"]}]}},"_links":{"self":[{"href":"https:\/\/www.institutfrancais-lituanie.com\/fr\/wp-json\/wp\/v2\/pages\/2007"}],"collection":[{"href":"https:\/\/www.institutfrancais-lituanie.com\/fr\/wp-json\/wp\/v2\/pages"}],"about":[{"href":"https:\/\/www.institutfrancais-lituanie.com\/fr\/wp-json\/wp\/v2\/types\/page"}],"author":[{"embeddable":true,"href":"https:\/\/www.institutfrancais-lituanie.com\/fr\/wp-json\/wp\/v2\/users\/2"}],"replies":[{"embeddable":true,"href":"https:\/\/www.institutfrancais-lituanie.com\/fr\/wp-json\/wp\/v2\/comments?post=2007"}],"version-history":[{"count":49,"href":"https:\/\/www.institutfrancais-lituanie.com\/fr\/wp-json\/wp\/v2\/pages\/2007\/revisions"}],"predecessor-version":[{"id":18864,"href":"https:\/\/www.institutfrancais-lituanie.com\/fr\/wp-json\/wp\/v2\/pages\/2007\/revisions\/18864"}],"up":[{"embeddable":true,"href":"https:\/\/www.institutfrancais-lituanie.com\/fr\/wp-json\/wp\/v2\/pages\/2005"}],"wp:attachment":[{"href":"https:\/\/www.institutfrancais-lituanie.com\/fr\/wp-json\/wp\/v2\/media?parent=2007"}],"curies":[{"name":"wp","href":"https:\/\/api.w.org\/{rel}","templated":true}]}}