{"id":1672,"date":"2018-10-26T07:41:58","date_gmt":"2018-10-26T07:41:58","guid":{"rendered":"http:\/\/institutfrancais-lituanie.com\/?page_id=1672"},"modified":"2026-04-27T13:39:09","modified_gmt":"2026-04-27T13:39:09","slug":"home-page-fr","status":"publish","type":"page","link":"https:\/\/www.institutfrancais-lituanie.com\/fr\/","title":{"rendered":"Institut fran\u00e7ais de Lituanie"},"content":{"rendered":"<div class=\"wpb-content-wrapper\"><p>[vc_row parallax=&#8221;content-moving&#8221; parallax_image=&#8221;3649&#8243; css=&#8221;.vc_custom_1704190055599{background-color: #3558a2 !important;}&#8221;][vc_column][vc_column_text]<\/p>\n<h1><span style=\"color: #ffffff;\">Nos cours de fran\u00e7ais<\/span><\/h1>\n<p>[\/vc_column_text][\/vc_column][\/vc_row][vc_row][vc_column][vc_basic_grid post_type=&#8221;ids&#8221; element_width=&#8221;6&#8243; item=&#8221;3470&#8243; css=&#8221;&#8221; grid_id=&#8221;vc_gid:1777297124684-236fd041-aeb3-4&#8243; include=&#8221;1750, 1808&#8243;][\/vc_column][\/vc_row][vc_row][vc_column][\/vc_column][\/vc_row][vc_row][vc_column][\/vc_column][\/vc_row][vc_row][vc_column][\/vc_column][\/vc_row][vc_row parallax=&#8221;content-moving&#8221; parallax_image=&#8221;3649&#8243; css=&#8221;.vc_custom_1704190076482{background-color: #3558a2 !important;}&#8221;][vc_column][vc_column_text]<\/p>\n<h1><span style=\"color: #ffffff;\">\u00c9v\u00e9nements en cours<\/span><\/h1>\n<p>[\/vc_column_text][\/vc_column][\/vc_row][vc_row][vc_column][vc_basic_grid post_type=&#8221;ids&#8221; element_width=&#8221;6&#8243; item=&#8221;3470&#8243; css=&#8221;&#8221; grid_id=&#8221;vc_gid:1777297124687-f751fb80-edbc-8&#8243; include=&#8221;18748, 18897&#8243;][vc_basic_grid post_type=&#8221;ids&#8221; element_width=&#8221;6&#8243; item=&#8221;3470&#8243; css=&#8221;&#8221; grid_id=&#8221;vc_gid:1777297124687-bdb9455f-8358-10&#8243; include=&#8221;18302, 18948&#8243;][vc_basic_grid post_type=&#8221;ids&#8221; element_width=&#8221;6&#8243; item=&#8221;3470&#8243; css=&#8221;&#8221; grid_id=&#8221;vc_gid:1777297124689-7a65516d-6138-6&#8243; include=&#8221;18908, 18921&#8243;][vc_basic_grid post_type=&#8221;ids&#8221; element_width=&#8221;6&#8243; item=&#8221;3470&#8243; css=&#8221;&#8221; grid_id=&#8221;vc_gid:1777297124689-ad897e19-4982-1&#8243; include=&#8221;16542, 18116&#8243;][vc_basic_grid post_type=&#8221;ids&#8221; element_width=&#8221;6&#8243; item=&#8221;3470&#8243; css=&#8221;&#8221; grid_id=&#8221;vc_gid:1777297124690-4e391dba-8bbb-7&#8243; include=&#8221;15584, 15586&#8243;][vc_raw_html css=&#8221;&#8221;]JTNDZGl2JTIwaWQlM0QlMjJzaWRlYmFyJTIyJTIwY2xhc3MlM0QlMjJwZW5jaS1zaWRlYmFyLWNvbnRlbnQlMjBwZW5jaS1zaWRlYmFyLWNvbnRlbnQlMjBwZW5jaS1zaWRlYmFyLWNvbnRlbnQtdmMlMjBzdHlsZS01JTIwcGNhbGlnbi1sZWZ0JTIyJTIwc3R5bGUlM0QlMjJwb3NpdGlvbiUzQSUyMHJlbGF0aXZlJTNCJTIwb3ZlcmZsb3clM0ElMjB2aXNpYmxlJTNCJTIwYm94LXNpemluZyUzQSUyMGJvcmRlci1ib3glM0IlMjBtaW4taGVpZ2h0JTNBJTIwMXB4JTNCJTIyJTNFJTBBJTNDaDQlMjBjbGFzcyUzRCUyMndpZGdldC10aXRsZSUyMHBlbmNpLWJvcmRlci1hcnJvdyUyMiUzRSUzQ3NwYW4lMjBjbGFzcyUzRCUyMmlubmVyLWFycm93JTIyJTNFT0ZGUkVTJTNDJTJGc3BhbiUzRSUzQyUyRmg0JTNFJTBBJTNDJTJGZGl2JTNF[\/vc_raw_html][vc_basic_grid post_type=&#8221;ids&#8221; element_width=&#8221;6&#8243; item=&#8221;3470&#8243; css=&#8221;&#8221; grid_id=&#8221;vc_gid:1777297124690-28eeb38f-363f-6&#8243; include=&#8221;17909, 17980&#8243;][vc_raw_html css=&#8221;&#8221;]JTNDZGl2JTIwaWQlM0QlMjJzaWRlYmFyJTIyJTIwY2xhc3MlM0QlMjJwZW5jaS1zaWRlYmFyLWNvbnRlbnQlMjBwZW5jaS1zaWRlYmFyLWNvbnRlbnQlMjBwZW5jaS1zaWRlYmFyLWNvbnRlbnQtdmMlMjBzdHlsZS01JTIwcGNhbGlnbi1sZWZ0JTIyJTIwc3R5bGUlM0QlMjJwb3NpdGlvbiUzQSUyMHJlbGF0aXZlJTNCJTIwb3ZlcmZsb3clM0ElMjB2aXNpYmxlJTNCJTIwYm94LXNpemluZyUzQSUyMGJvcmRlci1ib3glM0IlMjBtaW4taGVpZ2h0JTNBJTIwMXB4JTNCJTIyJTNFJTBBJTNDaDQlMjBjbGFzcyUzRCUyMndpZGdldC10aXRsZSUyMHBlbmNpLWJvcmRlci1hcnJvdyUyMiUzRSUzQ3NwYW4lMjBjbGFzcyUzRCUyMmlubmVyLWFycm93JTIyJTNFJUMzJTg5ViVDMyU4OU5FTUVOVFMlMjBQUiVDMyU4OUMlQzMlODlERU5UUyUzQyUyRnNwYW4lM0UlM0MlMkZoNCUzRSUwQSUzQyUyRmRpdiUzRQ==[\/vc_raw_html][vc_basic_grid post_type=&#8221;ids&#8221; element_width=&#8221;6&#8243; item=&#8221;3470&#8243; css=&#8221;&#8221; grid_id=&#8221;vc_gid:1777297124690-779d737f-7b65-4&#8243; include=&#8221;17942, 17041&#8243;][\/vc_column][\/vc_row][vc_row][vc_column][vc_raw_html]JTNDZGl2JTIwaWQlM0QlMjJzaWRlYmFyJTIyJTIwY2xhc3MlM0QlMjJwZW5jaS1zaWRlYmFyLWNvbnRlbnQlMjBwZW5jaS1zaWRlYmFyLWNvbnRlbnQlMjBwZW5jaS1zaWRlYmFyLWNvbnRlbnQtdmMlMjBzdHlsZS01JTIwcGNhbGlnbi1sZWZ0JTIyJTIwc3R5bGUlM0QlMjJwb3NpdGlvbiUzQSUyMHJlbGF0aXZlJTNCJTIwb3ZlcmZsb3clM0ElMjB2aXNpYmxlJTNCJTIwYm94LXNpemluZyUzQSUyMGJvcmRlci1ib3glM0IlMjBtaW4taGVpZ2h0JTNBJTIwMXB4JTNCJTIyJTNFJTBBJTNDaDQlMjBjbGFzcyUzRCUyMndpZGdldC10aXRsZSUyMHBlbmNpLWJvcmRlci1hcnJvdyUyMiUzRSUzQ3NwYW4lMjBjbGFzcyUzRCUyMmlubmVyLWFycm93JTIyJTNFTSVDMyVBOWRpYXRoJUMzJUE4cXVlJTNDJTJGc3BhbiUzRSUzQyUyRmg0JTNFJTBBJTNDJTJGZGl2JTNF[\/vc_raw_html][vc_basic_grid post_type=&#8221;ids&#8221; element_width=&#8221;6&#8243; item=&#8221;3470&#8243; grid_id=&#8221;vc_gid:1777297124691-376d7dc3-2027-9&#8243; include=&#8221;2080, 6054&#8243;][\/vc_column][\/vc_row][vc_row][vc_column][vc_raw_html]JTNDZGl2JTIwaWQlM0QlMjJzaWRlYmFyJTIyJTIwY2xhc3MlM0QlMjJwZW5jaS1zaWRlYmFyLWNvbnRlbnQlMjBwZW5jaS1zaWRlYmFyLWNvbnRlbnQlMjBwZW5jaS1zaWRlYmFyLWNvbnRlbnQtdmMlMjBzdHlsZS01JTIwcGNhbGlnbi1sZWZ0JTIyJTIwc3R5bGUlM0QlMjJwb3NpdGlvbiUzQSUyMHJlbGF0aXZlJTNCJTIwb3ZlcmZsb3clM0ElMjB2aXNpYmxlJTNCJTIwYm94LXNpemluZyUzQSUyMGJvcmRlci1ib3glM0IlMjBtaW4taGVpZ2h0JTNBJTIwMXB4JTNCJTIyJTNFJTBBJTNDaDQlMjBjbGFzcyUzRCUyMndpZGdldC10aXRsZSUyMHBlbmNpLWJvcmRlci1hcnJvdyUyMiUzRSUzQ3NwYW4lMjBjbGFzcyUzRCUyMmlubmVyLWFycm93JTIyJTNFRXR1ZGVzJTIwZW4lMjBGcmFuY2UlM0MlMkZzcGFuJTNFJTNDJTJGaDQlM0UlMEElM0MlMkZkaXYlM0U=[\/vc_raw_html][vc_basic_grid post_type=&#8221;ids&#8221; item=&#8221;3470&#8243; grid_id=&#8221;vc_gid:1777297124691-2ec5091f-d7e4-1&#8243; include=&#8221;2186, 12885, 12677&#8243;][\/vc_column][\/vc_row][vc_row][vc_column][vc_basic_grid post_type=&#8221;ids&#8221; item=&#8221;3470&#8243; css=&#8221;&#8221; grid_id=&#8221;vc_gid:1777297124692-0854fe32-24b8-2&#8243; include=&#8221;16345, 15085, 16345&#8243;][\/vc_column][\/vc_row][vc_row parallax=&#8221;content-moving&#8221; parallax_image=&#8221;3646&#8243;][vc_column]\t\t\t<div id=\"pencifeatured_cat_64418\" class=\"penci-featured-cat-sc\">\r\n\t\t\t\t\t\t\t<section class=\"home-featured-cat mag-cat-style-1\">\r\n\t\t\t\t\t\t\t\t\t\t\t<div class=\"penci-border-arrow penci-homepage-title penci-magazine-title style-5 pcalign-left\">\r\n\t\t\t\t\t<h3 class=\"inner-arrow\">\r\n\t\t\t\t\t\t<a href=\"https:\/\/www.institutfrancais-lituanie.com\/fr\/category\/web-documentaires\/\">Web-documentaires<\/a>\t\t\t\t\t<\/h3>\r\n\t\t\t\t<\/div>\r\n\t\t\t\t\t\t\t\t<div class=\"home-featured-cat-content style-1\">\r\n\t\t\t\t\t\t\t\t\t\t\t\t\t\t<div class=\"cat-left\"><div class=\"mag-post-box hentry first-post\">\r\n\t<div class=\"magcat-thumb\">\r\n\t\t\t\t\t\t<a class=\"penci-image-holder penci-lazy\" data-src=\"https:\/\/www.institutfrancais-lituanie.com\/wp-content\/uploads\/2020\/01\/landscape-site-585x390.jpg\" href=\"https:\/\/www.institutfrancais-lituanie.com\/fr\/web-documentaires\/les-etudes-dart-en-france\/\" title=\"Les \u00e9tudes d&#8217;art en France\">\r\n\t\t<\/a>\r\n\t\t\t\t\t\t\t\t\t\t\t\t\t\t\t\t\t\t\t\t\t\t<\/div>\r\n\t<div class=\"magcat-detail\">\r\n\t\t<div class=\"mag-header\">\t\t<h3 class=\"magcat-titlte entry-title dxzczX\"><a href=\"https:\/\/www.institutfrancais-lituanie.com\/fr\/web-documentaires\/les-etudes-dart-en-france\/\">Les \u00e9tudes d&#8217;art en France<\/a><\/h3>\r\n\t\t\t\t\t\t\t<div class=\"grid-post-box-meta mag-meta\">\r\n\t\t\t\t\t\t\t\t\t\t\t<span class=\"author-italic author vcard\">by <a class=\"url fn n\" href=\"https:\/\/www.institutfrancais-lituanie.com\/fr\/author\/loic\/\">Loic<\/a><\/span>\r\n\t\t\t\t\t\t\t\t\t\t\t\t\t\t\t\t<span><time class=\"entry-date published\" datetime=\"2020-01-27T09:52:12+00:00\">January 27, 2020<\/time><\/span>\r\n\t\t\t\t\t\t\t\t\t\t\t\t\t\t<\/div>\r\n\t\t\t\t\t<\/div>\t\t\t\t\t<div class=\"mag-excerpt entry-content\">\r\n\t\t\t\t<p>Webdocumentaire : \u00ab Les \u00e9tudes d&#8217;art en France \u00bb L&#8217;Institut fran\u00e7ais de Lituanie et Campus France Lituanie ont produit et r\u00e9alis\u00e9 un webdocumentaire sur les &#8230;<\/p>\n\t\t\t<\/div>\r\n\t\t\t\t\t\t<div class=\"penci-hide-tagupdated\">\r\n\t\t\t<span class=\"author-italic author vcard\">by <a class=\"url fn n\" href=\"https:\/\/www.institutfrancais-lituanie.com\/fr\/author\/loic\/\">Loic<\/a><\/span>\r\n\t\t\t<time class=\"entry-date published\" datetime=\"2020-01-27T09:52:12+00:00\">January 27, 2020<\/time>\t\t<\/div>\r\n\t\t\t<\/div>\r\n<\/div>\r\n<\/div><div class=\"cat-right\"><div class=\"mag-post-box hentry\">\r\n\t<div class=\"magcat-thumb\">\r\n\t\t\t\t\t\t<a class=\"penci-image-holder penci-lazy small-fix-size\" data-src=\"https:\/\/www.institutfrancais-lituanie.com\/wp-content\/uploads\/2019\/02\/Site-orsay-fr-585x390.jpg\" href=\"https:\/\/www.institutfrancais-lituanie.com\/fr\/web-documentaires\/rencontres-imprevues\/\" title=\"Rencontres (Im)pr\u00e9vues\">\r\n\t\t<\/a>\r\n\t\t\t\t\t\t\t\t\t\t\t\t\t\t\t\t\t\t\t\t\t\t<\/div>\r\n\t<div class=\"magcat-detail\">\r\n\t\t\t\t<h3 class=\"magcat-titlte entry-title dxzczX\"><a href=\"https:\/\/www.institutfrancais-lituanie.com\/fr\/web-documentaires\/rencontres-imprevues\/\">Rencontres (Im)pr\u00e9vues<\/a><\/h3>\r\n\t\t\t\t\t\t\t<div class=\"grid-post-box-meta mag-meta\">\r\n\t\t\t\t\t\t\t\t\t\t\t\t\t\t\t\t<span><time class=\"entry-date published\" datetime=\"2019-02-06T13:39:21+00:00\">February 6, 2019<\/time><\/span>\r\n\t\t\t\t\t\t\t\t\t\t\t\t\t\t<\/div>\r\n\t\t\t\t\t\t\t\t\t\t\t<div class=\"penci-hide-tagupdated\">\r\n\t\t\t<span class=\"author-italic author vcard\">by <a class=\"url fn n\" href=\"https:\/\/www.institutfrancais-lituanie.com\/fr\/author\/loic\/\">Loic<\/a><\/span>\r\n\t\t\t<time class=\"entry-date published\" datetime=\"2019-02-06T13:39:21+00:00\">February 6, 2019<\/time>\t\t<\/div>\r\n\t\t\t<\/div>\r\n<\/div>\r\n<div class=\"mag-post-box hentry\">\r\n\t<div class=\"magcat-thumb\">\r\n\t\t\t\t\t\t<a class=\"penci-image-holder penci-lazy small-fix-size\" data-src=\"https:\/\/www.institutfrancais-lituanie.com\/wp-content\/uploads\/2019\/02\/Site-crise-585x390.jpg\" href=\"https:\/\/www.institutfrancais-lituanie.com\/fr\/web-documentaires\/la-crise-migratoire-et-nous\/\" title=\"La crise migratoire et nous\">\r\n\t\t<\/a>\r\n\t\t\t\t\t\t\t\t\t\t\t\t\t\t\t\t\t\t\t\t\t\t<\/div>\r\n\t<div class=\"magcat-detail\">\r\n\t\t\t\t<h3 class=\"magcat-titlte entry-title dxzczX\"><a href=\"https:\/\/www.institutfrancais-lituanie.com\/fr\/web-documentaires\/la-crise-migratoire-et-nous\/\">La crise migratoire et nous<\/a><\/h3>\r\n\t\t\t\t\t\t\t<div class=\"grid-post-box-meta mag-meta\">\r\n\t\t\t\t\t\t\t\t\t\t\t\t\t\t\t\t<span><time class=\"entry-date published\" datetime=\"2019-02-06T12:31:15+00:00\">February 6, 2019<\/time><\/span>\r\n\t\t\t\t\t\t\t\t\t\t\t\t\t\t<\/div>\r\n\t\t\t\t\t\t\t\t\t\t\t<div class=\"penci-hide-tagupdated\">\r\n\t\t\t<span class=\"author-italic author vcard\">by <a class=\"url fn n\" href=\"https:\/\/www.institutfrancais-lituanie.com\/fr\/author\/loic\/\">Loic<\/a><\/span>\r\n\t\t\t<time class=\"entry-date published\" datetime=\"2019-02-06T12:31:15+00:00\">February 6, 2019<\/time>\t\t<\/div>\r\n\t\t\t<\/div>\r\n<\/div>\r\n<div class=\"mag-post-box hentry\">\r\n\t<div class=\"magcat-thumb\">\r\n\t\t\t\t\t\t<a class=\"penci-image-holder penci-lazy small-fix-size\" data-src=\"https:\/\/www.institutfrancais-lituanie.com\/wp-content\/uploads\/2019\/02\/Site-Cop21-585x390.jpg\" href=\"https:\/\/www.institutfrancais-lituanie.com\/fr\/web-documentaires\/le-changement-climatique-vu-de-lituanie\/\" title=\"Le changement climatique vu de Lituanie\">\r\n\t\t<\/a>\r\n\t\t\t\t\t\t\t\t\t\t\t\t\t\t\t\t\t\t\t\t\t\t<\/div>\r\n\t<div class=\"magcat-detail\">\r\n\t\t\t\t<h3 class=\"magcat-titlte entry-title dxzczX\"><a href=\"https:\/\/www.institutfrancais-lituanie.com\/fr\/web-documentaires\/le-changement-climatique-vu-de-lituanie\/\">Le changement climatique vu de Lituanie<\/a><\/h3>\r\n\t\t\t\t\t\t\t<div class=\"grid-post-box-meta mag-meta\">\r\n\t\t\t\t\t\t\t\t\t\t\t\t\t\t\t\t<span><time class=\"entry-date published\" datetime=\"2019-02-06T12:24:36+00:00\">February 6, 2019<\/time><\/span>\r\n\t\t\t\t\t\t\t\t\t\t\t\t\t\t<\/div>\r\n\t\t\t\t\t\t\t\t\t\t\t<div class=\"penci-hide-tagupdated\">\r\n\t\t\t<span class=\"author-italic author vcard\">by <a class=\"url fn n\" href=\"https:\/\/www.institutfrancais-lituanie.com\/fr\/author\/loic\/\">Loic<\/a><\/span>\r\n\t\t\t<time class=\"entry-date published\" datetime=\"2019-02-06T12:24:36+00:00\">February 6, 2019<\/time>\t\t<\/div>\r\n\t\t\t<\/div>\r\n<\/div>\r\n<div class=\"mag-post-box hentry\">\r\n\t<div class=\"magcat-thumb\">\r\n\t\t\t\t\t\t<a class=\"penci-image-holder penci-lazy small-fix-size\" data-src=\"https:\/\/www.institutfrancais-lituanie.com\/wp-content\/uploads\/2019\/02\/Site-Gary-585x390.jpg\" href=\"https:\/\/www.institutfrancais-lituanie.com\/fr\/web-documentaires\/romain-gary-1914-1980\/\" title=\"Romain Gary (1914-1980)\">\r\n\t\t<\/a>\r\n\t\t\t\t\t\t\t\t\t\t\t\t\t\t\t\t\t\t\t\t\t\t<\/div>\r\n\t<div class=\"magcat-detail\">\r\n\t\t\t\t<h3 class=\"magcat-titlte entry-title dxzczX\"><a href=\"https:\/\/www.institutfrancais-lituanie.com\/fr\/web-documentaires\/romain-gary-1914-1980\/\">Romain Gary (1914-1980)<\/a><\/h3>\r\n\t\t\t\t\t\t\t<div class=\"grid-post-box-meta mag-meta\">\r\n\t\t\t\t\t\t\t\t\t\t\t\t\t\t\t\t<span><time class=\"entry-date published\" datetime=\"2019-02-06T12:02:30+00:00\">February 6, 2019<\/time><\/span>\r\n\t\t\t\t\t\t\t\t\t\t\t\t\t\t<\/div>\r\n\t\t\t\t\t\t\t\t\t\t\t<div class=\"penci-hide-tagupdated\">\r\n\t\t\t<span class=\"author-italic author vcard\">by <a class=\"url fn n\" href=\"https:\/\/www.institutfrancais-lituanie.com\/fr\/author\/loic\/\">Loic<\/a><\/span>\r\n\t\t\t<time class=\"entry-date published\" datetime=\"2019-02-06T12:02:30+00:00\">February 6, 2019<\/time>\t\t<\/div>\r\n\t\t\t<\/div>\r\n<\/div>\r\n<\/div>\t\t\t\t\t\t\t\t\t\t\t\t\t<\/div>\r\n\t\t\t\t\r\n\t\t\t\r\n\t\t\t\t\t\t<\/section>\r\n\t\t\t\t\t\t<\/div><!-- penci-featured-cat-sc -->\r\n\t\t\t\t\t\t<style>\r\n\t\t\t\t\t\t\t<\/style>\r\n\t\t\t[\/vc_column][\/vc_row]<\/p>\n<\/div>","protected":false},"excerpt":{"rendered":"Romain Gary (1914-1980) Webdoc produit dans le cadre du centenaire de la naissance de l\u2019\u00e9crivain&hellip;","protected":false},"author":2,"featured_media":0,"parent":0,"menu_order":0,"comment_status":"closed","ping_status":"closed","template":"","meta":{"footnotes":""},"class_list":["post-1672","page","type-page","status-publish","hentry"],"yoast_head":"<!-- This site is optimized with the Yoast SEO plugin v23.2 - https:\/\/yoast.com\/wordpress\/plugins\/seo\/ -->\n<title>Institut fran\u00e7ais de Lituanie - IF Lituanie<\/title>\n<meta name=\"robots\" content=\"index, follow, max-snippet:-1, max-image-preview:large, max-video-preview:-1\" \/>\n<link rel=\"canonical\" href=\"https:\/\/www.institutfrancais-lituanie.com\/fr\/\" \/>\n<meta property=\"og:locale\" content=\"fr_FR\" \/>\n<meta property=\"og:type\" content=\"article\" \/>\n<meta property=\"og:title\" content=\"Institut fran\u00e7ais de Lituanie - IF Lituanie\" \/>\n<meta property=\"og:url\" content=\"https:\/\/www.institutfrancais-lituanie.com\/fr\/\" \/>\n<meta property=\"og:site_name\" content=\"IF Lituanie\" \/>\n<meta property=\"article:publisher\" content=\"https:\/\/www.facebook.com\/prancuzuinstitutas\/\" \/>\n<meta property=\"article:modified_time\" content=\"2026-04-27T13:39:09+00:00\" \/>\n<meta name=\"twitter:card\" content=\"summary_large_image\" \/>\n<meta name=\"twitter:label1\" content=\"Est. reading time\" \/>\n\t<meta name=\"twitter:data1\" content=\"2 minutes\" \/>\n<script type=\"application\/ld+json\" class=\"yoast-schema-graph\">{\"@context\":\"https:\/\/schema.org\",\"@graph\":[{\"@type\":\"WebPage\",\"@id\":\"https:\/\/www.institutfrancais-lituanie.com\/fr\/\",\"url\":\"https:\/\/www.institutfrancais-lituanie.com\/fr\/\",\"name\":\"Institut fran\u00e7ais de Lituanie - IF Lituanie\",\"isPartOf\":{\"@id\":\"https:\/\/www.institutfrancais-lituanie.com\/fr\/#website\"},\"datePublished\":\"2018-10-26T07:41:58+00:00\",\"dateModified\":\"2026-04-27T13:39:09+00:00\",\"breadcrumb\":{\"@id\":\"https:\/\/www.institutfrancais-lituanie.com\/fr\/#breadcrumb\"},\"inLanguage\":\"fr-FR\",\"potentialAction\":[{\"@type\":\"ReadAction\",\"target\":[\"https:\/\/www.institutfrancais-lituanie.com\/fr\/\"]}]},{\"@type\":\"BreadcrumbList\",\"@id\":\"https:\/\/www.institutfrancais-lituanie.com\/fr\/#breadcrumb\",\"itemListElement\":[{\"@type\":\"ListItem\",\"position\":1,\"name\":\"Home\",\"item\":\"https:\/\/www.institutfrancais-lituanie.com\/fr\/\"},{\"@type\":\"ListItem\",\"position\":2,\"name\":\"Institut fran\u00e7ais de Lituanie\"}]},{\"@type\":\"WebSite\",\"@id\":\"https:\/\/www.institutfrancais-lituanie.com\/fr\/#website\",\"url\":\"https:\/\/www.institutfrancais-lituanie.com\/fr\/\",\"name\":\"IF Lituanie\",\"description\":\"Pranc\u016bz\u0173 kalbos kursai, kult\u016bra, mediateka...\",\"publisher\":{\"@id\":\"https:\/\/www.institutfrancais-lituanie.com\/fr\/#organization\"},\"potentialAction\":[{\"@type\":\"SearchAction\",\"target\":{\"@type\":\"EntryPoint\",\"urlTemplate\":\"https:\/\/www.institutfrancais-lituanie.com\/fr\/?s={search_term_string}\"},\"query-input\":\"required name=search_term_string\"}],\"inLanguage\":\"fr-FR\"},{\"@type\":\"Organization\",\"@id\":\"https:\/\/www.institutfrancais-lituanie.com\/fr\/#organization\",\"name\":\"Pranc\u016bz\u0173 institutas\",\"url\":\"https:\/\/www.institutfrancais-lituanie.com\/fr\/\",\"logo\":{\"@type\":\"ImageObject\",\"inLanguage\":\"fr-FR\",\"@id\":\"https:\/\/www.institutfrancais-lituanie.com\/fr\/#\/schema\/logo\/image\/\",\"url\":\"https:\/\/www.institutfrancais-lituanie.com\/wp-content\/uploads\/2023\/04\/IF_Logo-Lituanie-RVB.jpg\",\"contentUrl\":\"https:\/\/www.institutfrancais-lituanie.com\/wp-content\/uploads\/2023\/04\/IF_Logo-Lituanie-RVB.jpg\",\"width\":827,\"height\":555,\"caption\":\"Pranc\u016bz\u0173 institutas\"},\"image\":{\"@id\":\"https:\/\/www.institutfrancais-lituanie.com\/fr\/#\/schema\/logo\/image\/\"},\"sameAs\":[\"https:\/\/www.facebook.com\/prancuzuinstitutas\/\",\"https:\/\/www.instagram.com\/institut_francais_lituanie\/\"]}]}<\/script>\n<!-- \/ Yoast SEO plugin. -->","yoast_head_json":{"title":"Institut fran\u00e7ais de Lituanie - IF Lituanie","robots":{"index":"index","follow":"follow","max-snippet":"max-snippet:-1","max-image-preview":"max-image-preview:large","max-video-preview":"max-video-preview:-1"},"canonical":"https:\/\/www.institutfrancais-lituanie.com\/fr\/","og_locale":"fr_FR","og_type":"article","og_title":"Institut fran\u00e7ais de Lituanie - IF Lituanie","og_url":"https:\/\/www.institutfrancais-lituanie.com\/fr\/","og_site_name":"IF Lituanie","article_publisher":"https:\/\/www.facebook.com\/prancuzuinstitutas\/","article_modified_time":"2026-04-27T13:39:09+00:00","twitter_card":"summary_large_image","twitter_misc":{"Est. reading time":"2 minutes"},"schema":{"@context":"https:\/\/schema.org","@graph":[{"@type":"WebPage","@id":"https:\/\/www.institutfrancais-lituanie.com\/fr\/","url":"https:\/\/www.institutfrancais-lituanie.com\/fr\/","name":"Institut fran\u00e7ais de Lituanie - IF Lituanie","isPartOf":{"@id":"https:\/\/www.institutfrancais-lituanie.com\/fr\/#website"},"datePublished":"2018-10-26T07:41:58+00:00","dateModified":"2026-04-27T13:39:09+00:00","breadcrumb":{"@id":"https:\/\/www.institutfrancais-lituanie.com\/fr\/#breadcrumb"},"inLanguage":"fr-FR","potentialAction":[{"@type":"ReadAction","target":["https:\/\/www.institutfrancais-lituanie.com\/fr\/"]}]},{"@type":"BreadcrumbList","@id":"https:\/\/www.institutfrancais-lituanie.com\/fr\/#breadcrumb","itemListElement":[{"@type":"ListItem","position":1,"name":"Home","item":"https:\/\/www.institutfrancais-lituanie.com\/fr\/"},{"@type":"ListItem","position":2,"name":"Institut fran\u00e7ais de Lituanie"}]},{"@type":"WebSite","@id":"https:\/\/www.institutfrancais-lituanie.com\/fr\/#website","url":"https:\/\/www.institutfrancais-lituanie.com\/fr\/","name":"IF Lituanie","description":"Pranc\u016bz\u0173 kalbos kursai, kult\u016bra, mediateka...","publisher":{"@id":"https:\/\/www.institutfrancais-lituanie.com\/fr\/#organization"},"potentialAction":[{"@type":"SearchAction","target":{"@type":"EntryPoint","urlTemplate":"https:\/\/www.institutfrancais-lituanie.com\/fr\/?s={search_term_string}"},"query-input":"required name=search_term_string"}],"inLanguage":"fr-FR"},{"@type":"Organization","@id":"https:\/\/www.institutfrancais-lituanie.com\/fr\/#organization","name":"Pranc\u016bz\u0173 institutas","url":"https:\/\/www.institutfrancais-lituanie.com\/fr\/","logo":{"@type":"ImageObject","inLanguage":"fr-FR","@id":"https:\/\/www.institutfrancais-lituanie.com\/fr\/#\/schema\/logo\/image\/","url":"https:\/\/www.institutfrancais-lituanie.com\/wp-content\/uploads\/2023\/04\/IF_Logo-Lituanie-RVB.jpg","contentUrl":"https:\/\/www.institutfrancais-lituanie.com\/wp-content\/uploads\/2023\/04\/IF_Logo-Lituanie-RVB.jpg","width":827,"height":555,"caption":"Pranc\u016bz\u0173 institutas"},"image":{"@id":"https:\/\/www.institutfrancais-lituanie.com\/fr\/#\/schema\/logo\/image\/"},"sameAs":["https:\/\/www.facebook.com\/prancuzuinstitutas\/","https:\/\/www.instagram.com\/institut_francais_lituanie\/"]}]}},"_links":{"self":[{"href":"https:\/\/www.institutfrancais-lituanie.com\/fr\/wp-json\/wp\/v2\/pages\/1672"}],"collection":[{"href":"https:\/\/www.institutfrancais-lituanie.com\/fr\/wp-json\/wp\/v2\/pages"}],"about":[{"href":"https:\/\/www.institutfrancais-lituanie.com\/fr\/wp-json\/wp\/v2\/types\/page"}],"author":[{"embeddable":true,"href":"https:\/\/www.institutfrancais-lituanie.com\/fr\/wp-json\/wp\/v2\/users\/2"}],"replies":[{"embeddable":true,"href":"https:\/\/www.institutfrancais-lituanie.com\/fr\/wp-json\/wp\/v2\/comments?post=1672"}],"version-history":[{"count":1036,"href":"https:\/\/www.institutfrancais-lituanie.com\/fr\/wp-json\/wp\/v2\/pages\/1672\/revisions"}],"predecessor-version":[{"id":18950,"href":"https:\/\/www.institutfrancais-lituanie.com\/fr\/wp-json\/wp\/v2\/pages\/1672\/revisions\/18950"}],"wp:attachment":[{"href":"https:\/\/www.institutfrancais-lituanie.com\/fr\/wp-json\/wp\/v2\/media?parent=1672"}],"curies":[{"name":"wp","href":"https:\/\/api.w.org\/{rel}","templated":true}]}}