{"id":10238,"date":"2022-02-04T14:27:14","date_gmt":"2022-02-04T14:27:14","guid":{"rendered":"https:\/\/www.institutfrancais-lituanie.com\/?page_id=10238"},"modified":"2025-03-10T08:04:49","modified_gmt":"2025-03-10T08:04:49","slug":"francophonie-2022-2","status":"publish","type":"page","link":"https:\/\/www.institutfrancais-lituanie.com\/fr\/francophonie-2022-2\/","title":{"rendered":"Francophonie"},"content":{"rendered":"<div class=\"wpb-content-wrapper\"><p>[vc_row][vc_column][vc_column_text css=&#8221;&#8221;]<strong>FRANCOPHONIE EN LITUANIE 2025<\/strong><\/p>\n<p>La Journ\u00e9e internationale de la Francophonie du 20 mars est c\u00e9l\u00e9br\u00e9e depuis 1990 par tous les francophones \u00e0 travers le monde. En Lituanie, ce n\u2019est pas uniquement cette journ\u00e9e internationale qui est c\u00e9l\u00e9br\u00e9e, mais bien le mois de mars entier qui est d\u00e9di\u00e9 \u00e0 la langue fran\u00e7aise et aux cultures francophones avec de multiples \u00e9v\u00e8nements pour tous les publics \u00e0 travers tout le pays.<\/p>\n<p>Cinqui\u00e8me langue mondiale, le fran\u00e7ais repr\u00e9sente aujourd\u2019hui 300 millions de locuteurs. Seule avec l\u2019anglais, elle est parl\u00e9e sur les cinq continents.<\/p>\n<p>88 Etats et Gouvernements sont rassembl\u00e9s au sein de l\u2019<a href=\"https:\/\/www.francophonie.org\/\">Organisation Internationale de la Francophonie<\/a>. La Lituanie est\u00a0<a href=\"https:\/\/urm.lt\/default\/lt\/uzsienio-politika\/uzsienio-politikos-prioritetai\/lietuva-ir-tarptautines-organizacijos\/lietuva-ir-tarptautine-frankofonijos-organizacija\">membre observateur<\/a>\u00a0depuis 1999.<\/p>\n<p><strong>LA LANGUE FRAN\u00c7AISE EST LA DEUXIEME LANGUE LA PLUS PRATIQUEE EN EUROPE\u00a0!<\/strong><\/p>\n<p>9 Etats membres de l\u2019UE comptent plus d\u2019un million de locuteurs francophones.<\/p>\n<p>18 Etats membres de l\u2019UE font partie de l\u2019OIF : 6 sont membres, 11 sont observateurs, et un pays est associ\u00e9.<\/p>\n<p>Le fran\u00e7ais est la langue des institutions europ\u00e9ennes : 80% des fonctionnaires de la Commission europ\u00e9enne parlent fran\u00e7ais, et elle est une langue obligatoire pour les concours de la fonction publique europ\u00e9enne. La cour de justice de l\u2019UE rend justice en fran\u00e7ais.<\/p>\n<p>La francophonie, au-del\u00e0 de la langue, c\u2019est un ensemble de valeurs que nous sommes fiers de partager avec vous. Les valeurs de l\u2019OIF et de l\u2019UE vont de pair : paix, \u00e9galit\u00e9 homme femme, diversit\u00e9 des cultures.<\/p>\n<p>Nous sommes fiers de faire partie de la Francophonie avec vous.[\/vc_column_text][\/vc_column][\/vc_row][vc_row][vc_column][vc_raw_html css=&#8221;&#8221;]JTNDZGl2JTIwaWQlM0QlMjJzaWRlYmFyJTIyJTIwY2xhc3MlM0QlMjJwZW5jaS1zaWRlYmFyLWNvbnRlbnQlMjBwZW5jaS1zaWRlYmFyLWNvbnRlbnQlMjBwZW5jaS1zaWRlYmFyLWNvbnRlbnQtdmMlMjBzdHlsZS01JTIwcGNhbGlnbi1sZWZ0JTIyJTIwc3R5bGUlM0QlMjJwb3NpdGlvbiUzQSUyMHJlbGF0aXZlJTNCJTIwb3ZlcmZsb3clM0ElMjB2aXNpYmxlJTNCJTIwYm94LXNpemluZyUzQSUyMGJvcmRlci1ib3glM0IlMjBtaW4taGVpZ2h0JTNBJTIwMXB4JTNCJTIyJTNFJTBBJTNDaDQlMjBjbGFzcyUzRCUyMndpZGdldC10aXRsZSUyMHBlbmNpLWJvcmRlci1hcnJvdyUyMiUzRSUzQ3NwYW4lMjBjbGFzcyUzRCUyMmlubmVyLWFycm93JTIyJTNFUHJvZ3JhbW1lJTIwMjAyNSUzQyUyRnNwYW4lM0UlM0MlMkZoNCUzRSUwQSUzQyUyRmRpdiUzRQ==[\/vc_raw_html][\/vc_column][\/vc_row][vc_row][vc_column][vc_single_image image=&#8221;16281&#8243; img_size=&#8221;full&#8221; add_caption=&#8221;yes&#8221; alignment=&#8221;center&#8221; onclick=&#8221;custom_link&#8221; img_link_target=&#8221;_blank&#8221; css=&#8221;&#8221; link=&#8221;https:\/\/www.institutfrancais-lituanie.com\/wp-content\/uploads\/2025\/03\/2025-Programme-Francophonie-8.pdf&#8221;][\/vc_column][\/vc_row][vc_row][vc_column][vc_raw_html]JTNDZGl2JTIwY2xhc3MlM0QlMjJwZW5jaS1ob21lLXBvcHVsYXItcG9zdHMlMjIlM0UlMDklMDklMDklMDklMDklMDklMDklM0NoMiUyMGNsYXNzJTNEJTIyaG9tZS1wdXB1bGFyLXBvc3RzLXRpdGxlJTIyJTNFJTBBJTNDc3BhbiUzRUFSQ0hJVkVTJTNDJTJGc3BhbiUzRSUzQyUyRmgyJTNFJTBBJTNDJTJGZGl2JTNF[\/vc_raw_html][vc_basic_grid post_type=&#8221;ids&#8221; element_width=&#8221;6&#8243; item=&#8221;3470&#8243; grid_id=&#8221;vc_gid:1741593868776-58ccafb6-c14b-0&#8243; include=&#8221;2758, 4354&#8243;][\/vc_column][\/vc_row]<\/p>\n<\/div>","protected":false},"excerpt":{"rendered":"[vc_row][vc_column][vc_column_text css=\"\"]FRANCOPHONIE EN LITUANIE 2025 La Journ\u00e9e internationale de la Francophonie du 20 mars est&hellip;","protected":false},"author":7,"featured_media":16272,"parent":0,"menu_order":0,"comment_status":"closed","ping_status":"closed","template":"page-sidebar.php","meta":{"footnotes":""},"class_list":["post-10238","page","type-page","status-publish","has-post-thumbnail","hentry"],"yoast_head":"<!-- This site is optimized with the Yoast SEO plugin v23.2 - https:\/\/yoast.com\/wordpress\/plugins\/seo\/ -->\n<title>Francophonie - IF Lituanie<\/title>\n<meta name=\"robots\" content=\"index, follow, max-snippet:-1, max-image-preview:large, max-video-preview:-1\" \/>\n<link rel=\"canonical\" href=\"https:\/\/www.institutfrancais-lituanie.com\/fr\/francophonie-2022-2\/\" \/>\n<meta property=\"og:locale\" content=\"fr_FR\" \/>\n<meta property=\"og:type\" content=\"article\" \/>\n<meta property=\"og:title\" content=\"Francophonie - IF Lituanie\" \/>\n<meta property=\"og:url\" content=\"https:\/\/www.institutfrancais-lituanie.com\/fr\/francophonie-2022-2\/\" \/>\n<meta property=\"og:site_name\" content=\"IF Lituanie\" \/>\n<meta property=\"article:publisher\" content=\"https:\/\/www.facebook.com\/prancuzuinstitutas\/\" \/>\n<meta property=\"article:modified_time\" content=\"2025-03-10T08:04:49+00:00\" \/>\n<meta property=\"og:image\" content=\"https:\/\/www.institutfrancais-lituanie.com\/wp-content\/uploads\/2025\/03\/pavasaris-su-1-scaled.jpg\" \/>\n\t<meta property=\"og:image:width\" content=\"2560\" \/>\n\t<meta property=\"og:image:height\" content=\"1124\" \/>\n\t<meta property=\"og:image:type\" content=\"image\/jpeg\" \/>\n<meta name=\"twitter:card\" content=\"summary_large_image\" \/>\n<meta name=\"twitter:label1\" content=\"Est. reading time\" \/>\n\t<meta name=\"twitter:data1\" content=\"2 minutes\" \/>\n<script type=\"application\/ld+json\" class=\"yoast-schema-graph\">{\"@context\":\"https:\/\/schema.org\",\"@graph\":[{\"@type\":\"WebPage\",\"@id\":\"https:\/\/www.institutfrancais-lituanie.com\/fr\/francophonie-2022-2\/\",\"url\":\"https:\/\/www.institutfrancais-lituanie.com\/fr\/francophonie-2022-2\/\",\"name\":\"Francophonie - IF Lituanie\",\"isPartOf\":{\"@id\":\"https:\/\/www.institutfrancais-lituanie.com\/fr\/#website\"},\"primaryImageOfPage\":{\"@id\":\"https:\/\/www.institutfrancais-lituanie.com\/fr\/francophonie-2022-2\/#primaryimage\"},\"image\":{\"@id\":\"https:\/\/www.institutfrancais-lituanie.com\/fr\/francophonie-2022-2\/#primaryimage\"},\"thumbnailUrl\":\"https:\/\/www.institutfrancais-lituanie.com\/wp-content\/uploads\/2025\/03\/pavasaris-su-1-scaled-e1741785242395.jpg\",\"datePublished\":\"2022-02-04T14:27:14+00:00\",\"dateModified\":\"2025-03-10T08:04:49+00:00\",\"breadcrumb\":{\"@id\":\"https:\/\/www.institutfrancais-lituanie.com\/fr\/francophonie-2022-2\/#breadcrumb\"},\"inLanguage\":\"fr-FR\",\"potentialAction\":[{\"@type\":\"ReadAction\",\"target\":[\"https:\/\/www.institutfrancais-lituanie.com\/fr\/francophonie-2022-2\/\"]}]},{\"@type\":\"ImageObject\",\"inLanguage\":\"fr-FR\",\"@id\":\"https:\/\/www.institutfrancais-lituanie.com\/fr\/francophonie-2022-2\/#primaryimage\",\"url\":\"https:\/\/www.institutfrancais-lituanie.com\/wp-content\/uploads\/2025\/03\/pavasaris-su-1-scaled-e1741785242395.jpg\",\"contentUrl\":\"https:\/\/www.institutfrancais-lituanie.com\/wp-content\/uploads\/2025\/03\/pavasaris-su-1-scaled-e1741785242395.jpg\",\"width\":1651,\"height\":1122},{\"@type\":\"BreadcrumbList\",\"@id\":\"https:\/\/www.institutfrancais-lituanie.com\/fr\/francophonie-2022-2\/#breadcrumb\",\"itemListElement\":[{\"@type\":\"ListItem\",\"position\":1,\"name\":\"Home\",\"item\":\"https:\/\/www.institutfrancais-lituanie.com\/fr\/\"},{\"@type\":\"ListItem\",\"position\":2,\"name\":\"Francophonie\"}]},{\"@type\":\"WebSite\",\"@id\":\"https:\/\/www.institutfrancais-lituanie.com\/fr\/#website\",\"url\":\"https:\/\/www.institutfrancais-lituanie.com\/fr\/\",\"name\":\"IF Lituanie\",\"description\":\"Pranc\u016bz\u0173 kalbos kursai, kult\u016bra, mediateka...\",\"publisher\":{\"@id\":\"https:\/\/www.institutfrancais-lituanie.com\/fr\/#organization\"},\"potentialAction\":[{\"@type\":\"SearchAction\",\"target\":{\"@type\":\"EntryPoint\",\"urlTemplate\":\"https:\/\/www.institutfrancais-lituanie.com\/fr\/?s={search_term_string}\"},\"query-input\":\"required name=search_term_string\"}],\"inLanguage\":\"fr-FR\"},{\"@type\":\"Organization\",\"@id\":\"https:\/\/www.institutfrancais-lituanie.com\/fr\/#organization\",\"name\":\"Pranc\u016bz\u0173 institutas\",\"url\":\"https:\/\/www.institutfrancais-lituanie.com\/fr\/\",\"logo\":{\"@type\":\"ImageObject\",\"inLanguage\":\"fr-FR\",\"@id\":\"https:\/\/www.institutfrancais-lituanie.com\/fr\/#\/schema\/logo\/image\/\",\"url\":\"https:\/\/www.institutfrancais-lituanie.com\/wp-content\/uploads\/2023\/04\/IF_Logo-Lituanie-RVB.jpg\",\"contentUrl\":\"https:\/\/www.institutfrancais-lituanie.com\/wp-content\/uploads\/2023\/04\/IF_Logo-Lituanie-RVB.jpg\",\"width\":827,\"height\":555,\"caption\":\"Pranc\u016bz\u0173 institutas\"},\"image\":{\"@id\":\"https:\/\/www.institutfrancais-lituanie.com\/fr\/#\/schema\/logo\/image\/\"},\"sameAs\":[\"https:\/\/www.facebook.com\/prancuzuinstitutas\/\",\"https:\/\/www.instagram.com\/institut_francais_lituanie\/\"]}]}<\/script>\n<!-- \/ Yoast SEO plugin. -->","yoast_head_json":{"title":"Francophonie - IF Lituanie","robots":{"index":"index","follow":"follow","max-snippet":"max-snippet:-1","max-image-preview":"max-image-preview:large","max-video-preview":"max-video-preview:-1"},"canonical":"https:\/\/www.institutfrancais-lituanie.com\/fr\/francophonie-2022-2\/","og_locale":"fr_FR","og_type":"article","og_title":"Francophonie - IF Lituanie","og_url":"https:\/\/www.institutfrancais-lituanie.com\/fr\/francophonie-2022-2\/","og_site_name":"IF Lituanie","article_publisher":"https:\/\/www.facebook.com\/prancuzuinstitutas\/","article_modified_time":"2025-03-10T08:04:49+00:00","og_image":[{"width":2560,"height":1124,"url":"https:\/\/www.institutfrancais-lituanie.com\/wp-content\/uploads\/2025\/03\/pavasaris-su-1-scaled.jpg","type":"image\/jpeg"}],"twitter_card":"summary_large_image","twitter_misc":{"Est. reading time":"2 minutes"},"schema":{"@context":"https:\/\/schema.org","@graph":[{"@type":"WebPage","@id":"https:\/\/www.institutfrancais-lituanie.com\/fr\/francophonie-2022-2\/","url":"https:\/\/www.institutfrancais-lituanie.com\/fr\/francophonie-2022-2\/","name":"Francophonie - IF Lituanie","isPartOf":{"@id":"https:\/\/www.institutfrancais-lituanie.com\/fr\/#website"},"primaryImageOfPage":{"@id":"https:\/\/www.institutfrancais-lituanie.com\/fr\/francophonie-2022-2\/#primaryimage"},"image":{"@id":"https:\/\/www.institutfrancais-lituanie.com\/fr\/francophonie-2022-2\/#primaryimage"},"thumbnailUrl":"https:\/\/www.institutfrancais-lituanie.com\/wp-content\/uploads\/2025\/03\/pavasaris-su-1-scaled-e1741785242395.jpg","datePublished":"2022-02-04T14:27:14+00:00","dateModified":"2025-03-10T08:04:49+00:00","breadcrumb":{"@id":"https:\/\/www.institutfrancais-lituanie.com\/fr\/francophonie-2022-2\/#breadcrumb"},"inLanguage":"fr-FR","potentialAction":[{"@type":"ReadAction","target":["https:\/\/www.institutfrancais-lituanie.com\/fr\/francophonie-2022-2\/"]}]},{"@type":"ImageObject","inLanguage":"fr-FR","@id":"https:\/\/www.institutfrancais-lituanie.com\/fr\/francophonie-2022-2\/#primaryimage","url":"https:\/\/www.institutfrancais-lituanie.com\/wp-content\/uploads\/2025\/03\/pavasaris-su-1-scaled-e1741785242395.jpg","contentUrl":"https:\/\/www.institutfrancais-lituanie.com\/wp-content\/uploads\/2025\/03\/pavasaris-su-1-scaled-e1741785242395.jpg","width":1651,"height":1122},{"@type":"BreadcrumbList","@id":"https:\/\/www.institutfrancais-lituanie.com\/fr\/francophonie-2022-2\/#breadcrumb","itemListElement":[{"@type":"ListItem","position":1,"name":"Home","item":"https:\/\/www.institutfrancais-lituanie.com\/fr\/"},{"@type":"ListItem","position":2,"name":"Francophonie"}]},{"@type":"WebSite","@id":"https:\/\/www.institutfrancais-lituanie.com\/fr\/#website","url":"https:\/\/www.institutfrancais-lituanie.com\/fr\/","name":"IF Lituanie","description":"Pranc\u016bz\u0173 kalbos kursai, kult\u016bra, mediateka...","publisher":{"@id":"https:\/\/www.institutfrancais-lituanie.com\/fr\/#organization"},"potentialAction":[{"@type":"SearchAction","target":{"@type":"EntryPoint","urlTemplate":"https:\/\/www.institutfrancais-lituanie.com\/fr\/?s={search_term_string}"},"query-input":"required name=search_term_string"}],"inLanguage":"fr-FR"},{"@type":"Organization","@id":"https:\/\/www.institutfrancais-lituanie.com\/fr\/#organization","name":"Pranc\u016bz\u0173 institutas","url":"https:\/\/www.institutfrancais-lituanie.com\/fr\/","logo":{"@type":"ImageObject","inLanguage":"fr-FR","@id":"https:\/\/www.institutfrancais-lituanie.com\/fr\/#\/schema\/logo\/image\/","url":"https:\/\/www.institutfrancais-lituanie.com\/wp-content\/uploads\/2023\/04\/IF_Logo-Lituanie-RVB.jpg","contentUrl":"https:\/\/www.institutfrancais-lituanie.com\/wp-content\/uploads\/2023\/04\/IF_Logo-Lituanie-RVB.jpg","width":827,"height":555,"caption":"Pranc\u016bz\u0173 institutas"},"image":{"@id":"https:\/\/www.institutfrancais-lituanie.com\/fr\/#\/schema\/logo\/image\/"},"sameAs":["https:\/\/www.facebook.com\/prancuzuinstitutas\/","https:\/\/www.instagram.com\/institut_francais_lituanie\/"]}]}},"_links":{"self":[{"href":"https:\/\/www.institutfrancais-lituanie.com\/fr\/wp-json\/wp\/v2\/pages\/10238"}],"collection":[{"href":"https:\/\/www.institutfrancais-lituanie.com\/fr\/wp-json\/wp\/v2\/pages"}],"about":[{"href":"https:\/\/www.institutfrancais-lituanie.com\/fr\/wp-json\/wp\/v2\/types\/page"}],"author":[{"embeddable":true,"href":"https:\/\/www.institutfrancais-lituanie.com\/fr\/wp-json\/wp\/v2\/users\/7"}],"replies":[{"embeddable":true,"href":"https:\/\/www.institutfrancais-lituanie.com\/fr\/wp-json\/wp\/v2\/comments?post=10238"}],"version-history":[{"count":117,"href":"https:\/\/www.institutfrancais-lituanie.com\/fr\/wp-json\/wp\/v2\/pages\/10238\/revisions"}],"predecessor-version":[{"id":16284,"href":"https:\/\/www.institutfrancais-lituanie.com\/fr\/wp-json\/wp\/v2\/pages\/10238\/revisions\/16284"}],"wp:featuredmedia":[{"embeddable":true,"href":"https:\/\/www.institutfrancais-lituanie.com\/fr\/wp-json\/wp\/v2\/media\/16272"}],"wp:attachment":[{"href":"https:\/\/www.institutfrancais-lituanie.com\/fr\/wp-json\/wp\/v2\/media?parent=10238"}],"curies":[{"name":"wp","href":"https:\/\/api.w.org\/{rel}","templated":true}]}}